{"id":1461,"date":"2026-04-29T07:54:22","date_gmt":"2026-04-29T07:54:22","guid":{"rendered":"https:\/\/reverent-almeida.91-213-46-106.plesk.page\/formacion\/tecnicques-delaboracio-de-combinats\/"},"modified":"2026-04-29T07:59:42","modified_gmt":"2026-04-29T07:59:42","slug":"tecnicques-delaboracio-de-combinats","status":"publish","type":"curso_foment","link":"https:\/\/foment.teamdesarrollo.com\/ca\/formacio\/tecnicques-delaboracio-de-combinats\/","title":{"rendered":"T\u00e8cniques d\u2019elaboraci\u00f3 de combinats"},"featured_media":0,"template":"","meta":{"_doceos_id":"17286","_start_date":"2026-06-21T22:00:00.000000Z","_end_date":"2026-07-23T22:00:00.000000Z","_available_seats":"20","_seats":"20","_lang_code":"ca","_tt_days_mask":"1000100","_tt_pm_start":"18:00:00","_tt_pm_end":"21:00:00","_timetable_desc":"Monday and Friday from 18:00 to 21:00","_horario_tipo":"Tarde","_presence_hours":"30","_teletraining_hours":"0","_distance_hours":"0","_syllabus":"M\u00f2dul 1 \u00b7 Introducci\u00f3 a la cocteleria\n\n- Conceptes b\u00e0sics de la cocteleria\n- Habilitats de gesti\u00f3, personals i socials\n\nM\u00f2dul 2 \u00b7 Normes per a la preparaci\u00f3 dels c\u00f2ctels i les combinacions\n\n- Normes i t\u00e8cniques b\u00e0siques\n- Habilitats de gesti\u00f3, personals i socials","_contingut":"<span style=\"color:#c1002b\">Contingut del curs<\/span>\n\n<span style=\"color:#c1002b\">M\u00f2dul 1 \u00b7 Introducci\u00f3 a la cocteleria<\/span>\n<strong>Conceptes b\u00e0sics de la cocteleria<\/strong>\n<ul>\n<li>Introducci\u00f3 al c\u00f2ctel: hist\u00f2ria, caracter\u00edstiques essencials, difer\u00e8ncia entre glop curt i llarg, parts fonamentals.<\/li>\n<li>Descripci\u00f3 del material del bar: mise en place, ingredients.<\/li>\n<li>Identificaci\u00f3 dels materials i utensilis: estris per barrejar, especials i altres utensilis.<\/li>\n<li>Identificaci\u00f3 del tipus de cristalleria: tipus de copa i de got.<\/li>\n<li>Rep\u00e0s del material: neteja del lloc de treball, gots i copes.<\/li>\n<\/ul>\n\n<strong>Habilitats de gesti\u00f3, personals i socials<\/strong>\n<ul>\n<li>Assimilaci\u00f3 dels conceptes claus de la cocteleria.<\/li>\n<li>Inter\u00e8s pel m\u00f3n de la cocteleria.<\/li>\n<li>Adquisici\u00f3 dels coneixements sobre el parament ideal per elaborar bons c\u00f2ctels.<\/li>\n<li>Predisposici\u00f3 a disposar de tots els utensilis necessaris per a c\u00f2ctels professionals.<\/li>\n<li>Inter\u00e8s per tenir una cristalleria adequada per elaborar c\u00f2ctels.<\/li>\n<li>H\u00e0bit de netejar de manera escrupolosa el lloc de treball.<\/li>\n<\/ul>\n\n<span style=\"color:#c1002b\">M\u00f2dul 2 \u00b7 Normes per a la preparaci\u00f3 dels c\u00f2ctels i les combinacions<\/span>\n<strong>Normes i t\u00e8cniques b\u00e0siques<\/strong>\n<ul>\n<li>Descripci\u00f3 de les normes b\u00e0siques per a l\u2019elaboraci\u00f3 dels c\u00f2ctels: presentaci\u00f3, \u00fas del got mesclador.<\/li>\n<li>Explicaci\u00f3 dels procediments de conservaci\u00f3 dels productes: recepci\u00f3, tipus, t\u00e8cniques, decoraci\u00f3.<\/li>\n<li>Descripci\u00f3 dels tipus de c\u00f2ctels amb begudes alcoh\u00f2liques: amb vodka, ginebra, whisky, tequila.<\/li>\n<li>Descripci\u00f3 dels c\u00f2ctels amb aperitius: Jerez, vins dol\u00e7os.<\/li>\n<li>C\u00f2ctels cl\u00e0ssics d\u2019aperitiu, digestius i per a qualsevol hora del dia: aperitius, llarg, qualsevol hora.<\/li>\n<li>Demostraci\u00f3 de c\u00f2ctels amb vins escumosos: vins d\u2019agulla, xampany o cava.<\/li>\n<li>Demostraci\u00f3 de c\u00f2ctels sense alcohol: fruites, begudes no alcoh\u00f2liques, diferents talls i formes, decoraci\u00f3.<\/li>\n<\/ul>\n\n<strong>Habilitats de gesti\u00f3, personals i socials<\/strong>\n<ul>\n<li>Atenci\u00f3 a les normes de l\u2019elaboraci\u00f3 dels c\u00f2ctels.<\/li>\n<li>H\u00e0bit de conservar els productes correctament.<\/li>\n<li>Rigor a l\u2019hora de decorar els c\u00f2ctels de manera atractiva.<\/li>\n<li>Implicaci\u00f3 del personal per a l\u2019\u00fas d\u2019elements decoratius.<\/li>\n<li>Assimilaci\u00f3 de les diferents combinacions de c\u00f2ctels que es poden elaborar.<\/li>\n<li>Valoraci\u00f3 de quines s\u00f3n les millors combinacions per al meu establiment.<\/li>\n<li>Rigor a l\u2019hora de fer c\u00f2ctels.<\/li>\n<li>Participaci\u00f3 per posar en pr\u00e0ctica els continguts de l\u2019acci\u00f3 formativa.<\/li>\n<\/ul>","_objectius":"<span style=\"color:#c1002b\"><strong>Objectiu general<\/strong><\/span>\nElaborar diferents tipus de c\u00f2ctels utilitzant diferents processos d\u2019elaboraci\u00f3, combinacions, formes de presentaci\u00f3, decoraci\u00f3 i realitzaci\u00f3 del servei d\u2019aquestes begudes al bar.\n\n<span style=\"color:#c1002b\">Objectius espec\u00edfics<\/span>\n<ul>\n<li>Identificar els conceptes b\u00e0sics de la cocteleria per poder elaborar c\u00f2ctels correctament.<\/li>\n\n<li>Con\u00e8ixer el material, els estris i la cristalleria espec\u00edfics per a l\u2019elaboraci\u00f3 de c\u00f2ctels.<\/li>\n\n<li>Aplicar normes i t\u00e8cniques b\u00e0siques per a la preparaci\u00f3, presentaci\u00f3 i decoraci\u00f3 de c\u00f2ctels.<\/li>\n\n<li>Distingir i preparar diferents tipus de c\u00f2ctels i combinats, tant amb alcohol com sense.<\/li>\n<\/ul>","_requisits":"<span style=\"color:#c1002b\">Requisits dels alumnes<\/span>\n<ul>\n<li><strong>Estudis (Acreditacions\/Titulacions)<\/strong>\n  <ul>\n    <li>Certificat de professionalitat nivell 1.<\/li>\n    <li>T\u00edtol Professional B\u00e0sic (FP B\u00e0sica).<\/li>\n    <li>T\u00edtol de Graduat en Educaci\u00f3 Secund\u00e0ria Obligat\u00f2ria (ESO) o equivalent.<\/li>\n    <li>T\u00edtol de T\u00e8cnic (FP Grau Mitj\u00e0) o equivalent.<\/li>\n    <li>Certificat de Professionalitat de nivell 2.<\/li>\n    <li>Haver superat la prova d'acc\u00e9s a Cicles Formatius de Grau Mitj\u00e0.<\/li>\n    <li>Haver superat qualsevol prova oficial d'acc\u00e9s a la Universitat.<\/li>\n  <\/ul>\n<\/li>\n\n<li><strong>Experi\u00e8ncia professional<\/strong>\n  <ul>\n    <li>No es requereix.<\/li>\n  <\/ul>\n<\/li>\n\n<li><strong>Altres requisits<\/strong>\n  <ul>\n    <li>Quan l\u2019aspirant no disposi del nivell acad\u00e8mic m\u00ednim o de l\u2019experi\u00e8ncia professional, demostrar\u00e0 coneixements i compet\u00e8ncies suficients per participar en el curs amb aprofitament mitjan\u00e7ant una <a href=\"https:\/\/forms.gle\/pCxhvE26QCBLgbNs8\">prova d\u2019acc\u00e9s.<\/a><\/li>\n    <li>Per a teleformaci\u00f3, tenir les destreses suficients per ser usuari de la plataforma virtual en la qual es recolza l\u2019acci\u00f3 formativa.<\/li>\n  <\/ul>\n<\/li>\n<\/ul>\n\nEl curs est\u00e0 dirigit a tots els alumnes interessats en el tema personal o professionalment.\n\n<ul>\n<li>Persones que cotitzen per R\u00e8gim General o Aut\u00f2nom.<\/li>\n<li>Persones en situaci\u00f3 d'atur: Aquest col\u00b7lectiu t\u00e9 l'acc\u00e9s limitat a aquest Pla de Formaci\u00f3, per la qual cosa no tindran garantida la seva pla\u00e7a fins que portin la documentaci\u00f3 presencialment al Centre de Formaci\u00f3 i es comprovi que no s'excedeix la limitaci\u00f3 estipulada pel Reial decret 694\/2017.<\/li>\n<li>Els treballadors de l'Administraci\u00f3 P\u00fablica no poden accedir a aquest Pla de Formaci\u00f3 Sectorial.<\/li>\n<\/ul>","_materials":null,"_resp_name":"Pilar Sanchez Serrano","_resp_email":null,"_certificado":"0","_adaptado":"0","_modality_id":"1","_training_area_id":"9","_custom_code":null,"_group":"1","_closed":"0","_full":"0","_num_sessions":null,"_visible_on_web":"1","_wpml_trid":"1224","_wpml_lang":"ca"},"class_list":["post-1461","curso_foment","type-curso_foment","status-publish","hentry"],"yoast_head":"<!-- This site is optimized with the Yoast SEO plugin v27.2 - https:\/\/yoast.com\/product\/yoast-seo-wordpress\/ -->\n<title>T\u00e8cniques d\u2019elaboraci\u00f3 de combinats -<\/title>\n<meta name=\"robots\" content=\"noindex, follow, max-snippet:-1, max-image-preview:large, max-video-preview:-1\" \/>\n<meta property=\"og:locale\" content=\"ca_ES\" \/>\n<meta property=\"og:type\" content=\"article\" \/>\n<meta property=\"og:title\" content=\"T\u00e8cniques d\u2019elaboraci\u00f3 de combinats -\" \/>\n<meta property=\"og:url\" content=\"https:\/\/foment.teamdesarrollo.com\/ca\/formacio\/tecnicques-delaboracio-de-combinats\/\" \/>\n<meta property=\"article:modified_time\" content=\"2026-04-29T07:59:42+00:00\" \/>\n<meta name=\"twitter:card\" content=\"summary_large_image\" \/>\n<script type=\"application\/ld+json\" class=\"yoast-schema-graph\">{\"@context\":\"https:\/\/schema.org\",\"@graph\":[{\"@type\":\"WebPage\",\"@id\":\"https:\/\/foment.teamdesarrollo.com\/ca\/formacio\/tecnicques-delaboracio-de-combinats\/\",\"url\":\"https:\/\/foment.teamdesarrollo.com\/ca\/formacio\/tecnicques-delaboracio-de-combinats\/\",\"name\":\"T\u00e8cniques d\u2019elaboraci\u00f3 de combinats -\",\"isPartOf\":{\"@id\":\"https:\/\/foment.teamdesarrollo.com\/ca\/#website\"},\"datePublished\":\"2026-04-29T07:54:22+00:00\",\"dateModified\":\"2026-04-29T07:59:42+00:00\",\"breadcrumb\":{\"@id\":\"https:\/\/foment.teamdesarrollo.com\/ca\/formacio\/tecnicques-delaboracio-de-combinats\/#breadcrumb\"},\"inLanguage\":\"ca\",\"potentialAction\":[{\"@type\":\"ReadAction\",\"target\":[\"https:\/\/foment.teamdesarrollo.com\/ca\/formacio\/tecnicques-delaboracio-de-combinats\/\"]}]},{\"@type\":\"BreadcrumbList\",\"@id\":\"https:\/\/foment.teamdesarrollo.com\/ca\/formacio\/tecnicques-delaboracio-de-combinats\/#breadcrumb\",\"itemListElement\":[{\"@type\":\"ListItem\",\"position\":1,\"name\":\"Portada\",\"item\":\"https:\/\/foment.teamdesarrollo.com\/ca\/\"},{\"@type\":\"ListItem\",\"position\":2,\"name\":\"Cursos\",\"item\":\"https:\/\/foment.teamdesarrollo.com\/ca\/formacio\/\"},{\"@type\":\"ListItem\",\"position\":3,\"name\":\"T\u00e8cniques d\u2019elaboraci\u00f3 de combinats\"}]},{\"@type\":\"WebSite\",\"@id\":\"https:\/\/foment.teamdesarrollo.com\/ca\/#website\",\"url\":\"https:\/\/foment.teamdesarrollo.com\/ca\/\",\"name\":\"\",\"description\":\"\",\"potentialAction\":[{\"@type\":\"SearchAction\",\"target\":{\"@type\":\"EntryPoint\",\"urlTemplate\":\"https:\/\/foment.teamdesarrollo.com\/ca\/?s={search_term_string}\"},\"query-input\":{\"@type\":\"PropertyValueSpecification\",\"valueRequired\":true,\"valueName\":\"search_term_string\"}}],\"inLanguage\":\"ca\"}]}<\/script>\n<!-- \/ Yoast SEO plugin. -->","yoast_head_json":{"title":"T\u00e8cniques d\u2019elaboraci\u00f3 de combinats -","robots":{"index":"noindex","follow":"follow","max-snippet":"max-snippet:-1","max-image-preview":"max-image-preview:large","max-video-preview":"max-video-preview:-1"},"og_locale":"ca_ES","og_type":"article","og_title":"T\u00e8cniques d\u2019elaboraci\u00f3 de combinats -","og_url":"https:\/\/foment.teamdesarrollo.com\/ca\/formacio\/tecnicques-delaboracio-de-combinats\/","article_modified_time":"2026-04-29T07:59:42+00:00","twitter_card":"summary_large_image","schema":{"@context":"https:\/\/schema.org","@graph":[{"@type":"WebPage","@id":"https:\/\/foment.teamdesarrollo.com\/ca\/formacio\/tecnicques-delaboracio-de-combinats\/","url":"https:\/\/foment.teamdesarrollo.com\/ca\/formacio\/tecnicques-delaboracio-de-combinats\/","name":"T\u00e8cniques d\u2019elaboraci\u00f3 de combinats -","isPartOf":{"@id":"https:\/\/foment.teamdesarrollo.com\/ca\/#website"},"datePublished":"2026-04-29T07:54:22+00:00","dateModified":"2026-04-29T07:59:42+00:00","breadcrumb":{"@id":"https:\/\/foment.teamdesarrollo.com\/ca\/formacio\/tecnicques-delaboracio-de-combinats\/#breadcrumb"},"inLanguage":"ca","potentialAction":[{"@type":"ReadAction","target":["https:\/\/foment.teamdesarrollo.com\/ca\/formacio\/tecnicques-delaboracio-de-combinats\/"]}]},{"@type":"BreadcrumbList","@id":"https:\/\/foment.teamdesarrollo.com\/ca\/formacio\/tecnicques-delaboracio-de-combinats\/#breadcrumb","itemListElement":[{"@type":"ListItem","position":1,"name":"Portada","item":"https:\/\/foment.teamdesarrollo.com\/ca\/"},{"@type":"ListItem","position":2,"name":"Cursos","item":"https:\/\/foment.teamdesarrollo.com\/ca\/formacio\/"},{"@type":"ListItem","position":3,"name":"T\u00e8cniques d\u2019elaboraci\u00f3 de combinats"}]},{"@type":"WebSite","@id":"https:\/\/foment.teamdesarrollo.com\/ca\/#website","url":"https:\/\/foment.teamdesarrollo.com\/ca\/","name":"","description":"","potentialAction":[{"@type":"SearchAction","target":{"@type":"EntryPoint","urlTemplate":"https:\/\/foment.teamdesarrollo.com\/ca\/?s={search_term_string}"},"query-input":{"@type":"PropertyValueSpecification","valueRequired":true,"valueName":"search_term_string"}}],"inLanguage":"ca"}]}},"_links":{"self":[{"href":"https:\/\/foment.teamdesarrollo.com\/ca\/wp-json\/wp\/v2\/curso_foment\/1461","targetHints":{"allow":["GET"]}}],"collection":[{"href":"https:\/\/foment.teamdesarrollo.com\/ca\/wp-json\/wp\/v2\/curso_foment"}],"about":[{"href":"https:\/\/foment.teamdesarrollo.com\/ca\/wp-json\/wp\/v2\/types\/curso_foment"}],"wp:attachment":[{"href":"https:\/\/foment.teamdesarrollo.com\/ca\/wp-json\/wp\/v2\/media?parent=1461"}],"curies":[{"name":"wp","href":"https:\/\/api.w.org\/{rel}","templated":true}]}}