{"id":1459,"date":"2026-04-29T07:54:22","date_gmt":"2026-04-29T07:54:22","guid":{"rendered":"https:\/\/reverent-almeida.91-213-46-106.plesk.page\/formacion\/primers-auxilis-basics\/"},"modified":"2026-04-29T07:59:41","modified_gmt":"2026-04-29T07:59:41","slug":"primers-auxilis-basics","status":"publish","type":"curso_foment","link":"https:\/\/foment.teamdesarrollo.com\/ca\/formacio\/primers-auxilis-basics\/","title":{"rendered":"Primers auxilis b\u00e0sics"},"featured_media":0,"template":"","meta":{"_doceos_id":"17285","_start_date":"2026-06-21T22:00:00.000000Z","_end_date":"2026-07-26T22:00:00.000000Z","_available_seats":"13","_seats":"20","_lang_code":"ca","_tt_days_mask":"1010000","_tt_pm_start":"17:30:00","_tt_pm_end":"20:30:00","_timetable_desc":"Monday and Wednesday from 17:30 to 20:30","_horario_tipo":"Tarde","_presence_hours":"30","_teletraining_hours":"0","_distance_hours":"0","_syllabus":"M\u00f2dul 1 \u00b7 Cures b\u00e0siques\n  - Definici\u00f3 de primers auxilis\n  - Resum de com actuar davant dels traumatismes\n\nM\u00f2dul 2 \u00b7 Actuaci\u00f3 davant de situacions extremes\n  - Demostraci\u00f3 de l'actuaci\u00f3 davant d'hemorr\u00e0gies\n  - An\u00e0lisi de l'actuaci\u00f3 davant de cremades\n  - Gestionar l'actuaci\u00f3 davant d'intoxicacions\n  - Aplicaci\u00f3 de l'actuaci\u00f3 davant de ofegament\n  - Distinci\u00f3 davant p\u00e8rdues de consci\u00e8ncia\n  - Identificaci\u00f3 de les actuacions especials de primers auxilis\n  - Realitzaci\u00f3 d'embenats\n\nM\u00f2dul 3 \u00b7 Suport vital b\u00e0sic\n  - Descripci\u00f3 de la reanimaci\u00f3 cardiopulmonar en adults i nens\n  - Demostraci\u00f3 de la maniobra de Heimlich\n  - Identificaci\u00f3 del suport vital b\u00e0sic","_contingut":"<span style=\"color:#c1002b\">M\u00f2dul 1 \u00b7 Cures b\u00e0siques<\/span>\n<strong>Definici\u00f3 de primers auxilis<\/strong>\n<ul>\n<li>Concepte de socorrisme i primers auxilis<\/li>\n<li>Principis d'actuaci\u00f3<\/li>\n<li>Terminologia cl\u00ednica<\/li>\n<li>Valoraci\u00f3 prim\u00e0ria i secund\u00e0ria de l'estat de l'accidentat<\/li>\n<li>Contingut b\u00e0sic de la farmaciola d'urg\u00e8ncies<\/li>\n<li>Legislaci\u00f3 en primers auxilis<\/li>\n<li>Identificaci\u00f3 de les lesions<\/li>\n<li>Recursos necessaris i disponibles<\/li>\n<li>Fases de la intervenci\u00f3 sanit\u00e0ria en emerg\u00e8ncia<\/li>\n<li>Exploraci\u00f3 de la v\u00edctima<\/li>\n<\/ul>\n\n<strong>Resum de com actuar davant dels traumatismes<\/strong>\n<ul>\n<li>Objectius<\/li>\n<li>Aparell locomotor<\/li>\n<li>Traumatismes<\/li>\n<li>Crani-encef\u00e0lic<\/li>\n<li>A la columna vertebral<\/li>\n<li>Politraumatisme<\/li>\n<\/ul>\n\n<span style=\"color:#c1002b\">M\u00f2dul 2 \u00b7 Actuaci\u00f3 davant de situacions extremes<\/span>\n<strong>Demostraci\u00f3 de l'actuaci\u00f3 davant d'hemorr\u00e0gies<\/strong>\n<ul>\n<li>Definici\u00f3 i classificaci\u00f3<\/li>\n<li>Hemorr\u00e0gia interna<\/li>\n<li>Hemorr\u00e0gia externa<\/li>\n<li>Xoc<\/li>\n<\/ul>\n\n<strong>An\u00e0lisi de l'actuaci\u00f3 davant de cremades<\/strong>\n<ul>\n<li>Pell<\/li>\n<li>Cremades<\/li>\n<\/ul>\n\n<strong>Gestionar l'actuaci\u00f3 davant d'intoxicacions<\/strong>\n<ul>\n<li>Conceptes generals en intoxicaci\u00f3<\/li>\n<li>Per ingesti\u00f3<\/li>\n<li>Per inoculaci\u00f3<\/li>\n<li>Per inhalaci\u00f3<\/li>\n<li>Intoxicacions de subst\u00e0ncies concretes<\/li>\n<li>Prevenci\u00f3<\/li>\n<li>Normes generals<\/li>\n<\/ul>\n\n<strong>Aplicaci\u00f3 de l'actuaci\u00f3 davant de ofegament<\/strong>\n<ul>\n<li>Accidents per immersi\u00f3<\/li>\n<li>Actuacions immediates<\/li>\n<\/ul>\n\n<strong>Distinci\u00f3 davant p\u00e8rdues de consci\u00e8ncia<\/strong>\n<ul>\n<li>Lipot\u00edmia<\/li>\n<li>S\u00edncope<\/li>\n<li>Cop de calor<\/li>\n<\/ul>\n\n<strong>Identificaci\u00f3 de les actuacions especials de primers auxilis<\/strong>\n<ul>\n<li>Ansietat<\/li>\n<li>Epil\u00e8psia<\/li>\n<li>Amputaci\u00f3<\/li>\n<li>Mossegades i picades<\/li>\n<\/ul>\n\n<strong>Realitzaci\u00f3 d'embenats<\/strong>\n<ul>\n<li>Embenats<\/li>\n<li>Vendes<\/li>\n<li>Tipus<\/li>\n<li>Normes generals<\/li>\n<li>Embenats improvisats<\/li>\n<\/ul>\n\n<span style=\"color:#c1002b\">M\u00f2dul 3 \u00b7 Suport vital b\u00e0sic<\/span>\n<strong>Descripci\u00f3 de la reanimaci\u00f3 cardiopulmonar en adults i nens<\/strong>\n<ul>\n<li>Parada cardiorespirat\u00f2ria<\/li>\n<li>RCP b\u00e0sica i avan\u00e7ada<\/li>\n<\/ul>\n\n<strong>Demostraci\u00f3 de la maniobra de Heimlich<\/strong>\n<ul>\n<li>Situacions per a la seva aplicaci\u00f3<\/li>\n<li>Procediment<\/li>\n<li>Consideracions<\/li>\n<\/ul>\n\n<strong>Identificaci\u00f3 del suport vital b\u00e0sic<\/strong>\n<ul>\n<li>Seq\u00fc\u00e8ncia a la RCP b\u00e0sica<\/li>\n<li>Valoraci\u00f3 del nivell de consci\u00e8ncia<\/li>\n<li>Valoraci\u00f3 de la ventilaci\u00f3<\/li>\n<li>Comprovar si hi ha pols carotidi<\/li>\n<li>Maniobres de reanimaci\u00f3 cardiopulmonar<\/li>\n<li>Protocol de suport vital b\u00e0sic<\/li>\n<\/ul>","_objectius":"<span style=\"color:#c1002b\"><strong>Objectiu general<\/strong><\/span>\nIdentificar el procediment a seguir i les actuacions necess\u00e0ries per auxiliar persones afectades per una situaci\u00f3 d'emerg\u00e8ncia, tenint en compte la tipologia, el context on es produeix i les necessitats que cal atendre.\n\n<span style=\"color:#c1002b\">Objectius espec\u00edfics<\/span>\n<ul>\n<li>Identificar les cures b\u00e0siques de primers auxilis davant de qualsevol emerg\u00e8ncia.<\/li>\n\n<li>Aplicar t\u00e8cniques per auxiliar el pacient en situacions urgents i extremes, aix\u00ed com entendre'n les necessitats.<\/li>\n\n<li>Identificar les actuacions necess\u00e0ries per efectuar reanimacions c\u00e0rdio-pulmonars.<\/li>\n<\/ul>","_requisits":"<span style=\"color:#c1002b\">Requisits dels alumnes<\/span>\n<ul>\n<li><strong>Estudis (Acreditacions\/Titulacions)<\/strong>\n  <ul>\n    <li>No s'exigeix cap requisit per accedir a la formaci\u00f3, encara que s'han de posseir prou habilitats de comunicaci\u00f3 ling\u00fc\u00edstica que permetin cursar amb aprofitament la formaci\u00f3.<\/li>\n  <\/ul>\n<\/li>\n\n<li><strong>Experi\u00e8ncia professional<\/strong>\n  <ul>\n    <li>No es requereix.<\/li>\n  <\/ul>\n<\/li>\n\n<li><strong>Altres requisits<\/strong>\n  <ul>\n    <li>En modalitat mixta, tenir les destreses suficients per ser usuaris de la plataforma virtual en la qual es recolza l'acci\u00f3 formativa.<\/li>\n  <\/ul>\n<\/li>\n<\/ul>\nEl curs est\u00e0 dirigit a tots els alumnes interessats en el tema personal o professionalment.\n<ul>\n \t<li>Persones que cotitzen per R\u00e8gim General o Aut\u00f2nom.<\/li>\n \t<li>Persones en situaci\u00f3 d'atur: Aquest col\u00b7lectiu t\u00e9 l'acc\u00e9s limitat a aquest Pla de Formaci\u00f3, per la qual cosa no tindran garantida la seva pla\u00e7a fins que portin la documentaci\u00f3 presencialment al Centre de Formaci\u00f3 i es comprovi que no s'excedeix la limitaci\u00f3 estipulada per al Reial decret 694\/2017, de 3 de juliol, pel qual es desplega la Llei 30\/2015, de 9 de setembre, per la qual es regula el sistema de formaci\u00f3 professional per a l\u2019ocupaci\u00f3 en l\u2019\u00e0mbit laboral.<\/li>\n<\/ul>","_materials":null,"_resp_name":"Olga Cristina Rojas Ramirez","_resp_email":null,"_certificado":"0","_adaptado":"0","_modality_id":"1","_training_area_id":"7","_custom_code":null,"_group":"1","_closed":"0","_full":"0","_num_sessions":null,"_visible_on_web":"1","_wpml_trid":"1223","_wpml_lang":"ca"},"class_list":["post-1459","curso_foment","type-curso_foment","status-publish","hentry"],"yoast_head":"<!-- This site is optimized with the Yoast SEO plugin v27.2 - https:\/\/yoast.com\/product\/yoast-seo-wordpress\/ -->\n<title>Primers auxilis b\u00e0sics -<\/title>\n<meta name=\"robots\" content=\"noindex, follow, max-snippet:-1, max-image-preview:large, max-video-preview:-1\" \/>\n<meta property=\"og:locale\" content=\"ca_ES\" \/>\n<meta property=\"og:type\" content=\"article\" \/>\n<meta property=\"og:title\" content=\"Primers auxilis b\u00e0sics -\" \/>\n<meta property=\"og:url\" content=\"https:\/\/foment.teamdesarrollo.com\/ca\/formacio\/primers-auxilis-basics\/\" \/>\n<meta property=\"article:modified_time\" content=\"2026-04-29T07:59:41+00:00\" \/>\n<meta name=\"twitter:card\" content=\"summary_large_image\" \/>\n<script type=\"application\/ld+json\" class=\"yoast-schema-graph\">{\"@context\":\"https:\/\/schema.org\",\"@graph\":[{\"@type\":\"WebPage\",\"@id\":\"https:\/\/foment.teamdesarrollo.com\/ca\/formacio\/primers-auxilis-basics\/\",\"url\":\"https:\/\/foment.teamdesarrollo.com\/ca\/formacio\/primers-auxilis-basics\/\",\"name\":\"Primers auxilis b\u00e0sics -\",\"isPartOf\":{\"@id\":\"https:\/\/foment.teamdesarrollo.com\/ca\/#website\"},\"datePublished\":\"2026-04-29T07:54:22+00:00\",\"dateModified\":\"2026-04-29T07:59:41+00:00\",\"breadcrumb\":{\"@id\":\"https:\/\/foment.teamdesarrollo.com\/ca\/formacio\/primers-auxilis-basics\/#breadcrumb\"},\"inLanguage\":\"ca\",\"potentialAction\":[{\"@type\":\"ReadAction\",\"target\":[\"https:\/\/foment.teamdesarrollo.com\/ca\/formacio\/primers-auxilis-basics\/\"]}]},{\"@type\":\"BreadcrumbList\",\"@id\":\"https:\/\/foment.teamdesarrollo.com\/ca\/formacio\/primers-auxilis-basics\/#breadcrumb\",\"itemListElement\":[{\"@type\":\"ListItem\",\"position\":1,\"name\":\"Portada\",\"item\":\"https:\/\/foment.teamdesarrollo.com\/ca\/\"},{\"@type\":\"ListItem\",\"position\":2,\"name\":\"Cursos\",\"item\":\"https:\/\/foment.teamdesarrollo.com\/ca\/formacio\/\"},{\"@type\":\"ListItem\",\"position\":3,\"name\":\"Primers auxilis b\u00e0sics\"}]},{\"@type\":\"WebSite\",\"@id\":\"https:\/\/foment.teamdesarrollo.com\/ca\/#website\",\"url\":\"https:\/\/foment.teamdesarrollo.com\/ca\/\",\"name\":\"\",\"description\":\"\",\"potentialAction\":[{\"@type\":\"SearchAction\",\"target\":{\"@type\":\"EntryPoint\",\"urlTemplate\":\"https:\/\/foment.teamdesarrollo.com\/ca\/?s={search_term_string}\"},\"query-input\":{\"@type\":\"PropertyValueSpecification\",\"valueRequired\":true,\"valueName\":\"search_term_string\"}}],\"inLanguage\":\"ca\"}]}<\/script>\n<!-- \/ Yoast SEO plugin. -->","yoast_head_json":{"title":"Primers auxilis b\u00e0sics -","robots":{"index":"noindex","follow":"follow","max-snippet":"max-snippet:-1","max-image-preview":"max-image-preview:large","max-video-preview":"max-video-preview:-1"},"og_locale":"ca_ES","og_type":"article","og_title":"Primers auxilis b\u00e0sics -","og_url":"https:\/\/foment.teamdesarrollo.com\/ca\/formacio\/primers-auxilis-basics\/","article_modified_time":"2026-04-29T07:59:41+00:00","twitter_card":"summary_large_image","schema":{"@context":"https:\/\/schema.org","@graph":[{"@type":"WebPage","@id":"https:\/\/foment.teamdesarrollo.com\/ca\/formacio\/primers-auxilis-basics\/","url":"https:\/\/foment.teamdesarrollo.com\/ca\/formacio\/primers-auxilis-basics\/","name":"Primers auxilis b\u00e0sics -","isPartOf":{"@id":"https:\/\/foment.teamdesarrollo.com\/ca\/#website"},"datePublished":"2026-04-29T07:54:22+00:00","dateModified":"2026-04-29T07:59:41+00:00","breadcrumb":{"@id":"https:\/\/foment.teamdesarrollo.com\/ca\/formacio\/primers-auxilis-basics\/#breadcrumb"},"inLanguage":"ca","potentialAction":[{"@type":"ReadAction","target":["https:\/\/foment.teamdesarrollo.com\/ca\/formacio\/primers-auxilis-basics\/"]}]},{"@type":"BreadcrumbList","@id":"https:\/\/foment.teamdesarrollo.com\/ca\/formacio\/primers-auxilis-basics\/#breadcrumb","itemListElement":[{"@type":"ListItem","position":1,"name":"Portada","item":"https:\/\/foment.teamdesarrollo.com\/ca\/"},{"@type":"ListItem","position":2,"name":"Cursos","item":"https:\/\/foment.teamdesarrollo.com\/ca\/formacio\/"},{"@type":"ListItem","position":3,"name":"Primers auxilis b\u00e0sics"}]},{"@type":"WebSite","@id":"https:\/\/foment.teamdesarrollo.com\/ca\/#website","url":"https:\/\/foment.teamdesarrollo.com\/ca\/","name":"","description":"","potentialAction":[{"@type":"SearchAction","target":{"@type":"EntryPoint","urlTemplate":"https:\/\/foment.teamdesarrollo.com\/ca\/?s={search_term_string}"},"query-input":{"@type":"PropertyValueSpecification","valueRequired":true,"valueName":"search_term_string"}}],"inLanguage":"ca"}]}},"_links":{"self":[{"href":"https:\/\/foment.teamdesarrollo.com\/ca\/wp-json\/wp\/v2\/curso_foment\/1459","targetHints":{"allow":["GET"]}}],"collection":[{"href":"https:\/\/foment.teamdesarrollo.com\/ca\/wp-json\/wp\/v2\/curso_foment"}],"about":[{"href":"https:\/\/foment.teamdesarrollo.com\/ca\/wp-json\/wp\/v2\/types\/curso_foment"}],"wp:attachment":[{"href":"https:\/\/foment.teamdesarrollo.com\/ca\/wp-json\/wp\/v2\/media?parent=1459"}],"curies":[{"name":"wp","href":"https:\/\/api.w.org\/{rel}","templated":true}]}}