{"id":1457,"date":"2026-04-29T07:54:21","date_gmt":"2026-04-29T07:54:21","guid":{"rendered":"https:\/\/reverent-almeida.91-213-46-106.plesk.page\/formacion\/gestio-processos-logistics\/"},"modified":"2026-04-29T07:59:41","modified_gmt":"2026-04-29T07:59:41","slug":"gestio-processos-logistics","status":"publish","type":"curso_foment","link":"https:\/\/foment.teamdesarrollo.com\/ca\/formacio\/gestio-processos-logistics\/","title":{"rendered":"Gesti\u00f3 de processos log\u00edstics"},"featured_media":0,"template":"","meta":{"_doceos_id":"17283","_start_date":"2026-09-28T22:00:00.000000Z","_end_date":"2026-11-09T23:00:00.000000Z","_available_seats":"40","_seats":"40","_lang_code":"ca","_tt_days_mask":"1111100","_tt_pm_start":"00:00:00","_tt_pm_end":"00:00:00","_timetable_desc":"","_horario_tipo":"Ma\u00f1ana","_presence_hours":"0","_teletraining_hours":"30","_distance_hours":"0","_syllabus":"M\u00f2dul 1 \u00b7 La log\u00edstica integral, la cadena de subministrament i els costos\n\n- Diferenciaci\u00f3 entre log\u00edstica i cadena de subministrament\n- Estructura log\u00edstica de l\u2019empresa\n- Proc\u00e9s de la log\u00edstica integral\n- Classificaci\u00f3 i an\u00e0lisi de costos log\u00edstics\n\nM\u00f2dul 2 \u00b7 Control i gesti\u00f3 d'estocs\n\n- Operacions b\u00e0siques amb estocs\n- Definici\u00f3 dels fluxos del magatzem\n\nM\u00f2dul 3 \u00b7 Les compres i el prove\u00efment\n\n- Proc\u00e9s de compres i prove\u00efment\n- Relacions amb la clientela i incid\u00e8ncies\n- Transports i comer\u00e7 internacional\n- Qualitat en el proc\u00e9s log\u00edstic","_contingut":"<span style=\"color:#c1002b\">M\u00f2dul 1 \u00b7 La log\u00edstica integral, la cadena de subministrament i els costos<\/span>\n<strong>Diferenciaci\u00f3 entre log\u00edstica i cadena de subministrament<\/strong>\n<ul>\n<li>Conceptes de log\u00edstica i cadena de subministrament<\/li>\n<li>Log\u00edstica i cadena de subministrament a l\u2019empresa<\/li>\n<\/ul>\n\n<strong>Estructura log\u00edstica de l\u2019empresa<\/strong>\n<ul>\n<li>Processos log\u00edstics<\/li>\n<li>Ordenaci\u00f3 dels processos log\u00edstics<\/li>\n<\/ul>\n\n<strong>Proc\u00e9s de la log\u00edstica integral<\/strong>\n<ul>\n<li>Proc\u00e9s des de la gesti\u00f3 global<\/li>\n<li>Organitzaci\u00f3 dels processos i tasques<\/li>\n<li>Coordinaci\u00f3 i integraci\u00f3 amb altres departaments<\/li>\n<\/ul>\n\n<strong>Classificaci\u00f3 i an\u00e0lisi de costos log\u00edstics<\/strong>\n<ul>\n<li>Costos directes i indirectes<\/li>\n<li>Confecci\u00f3 de taules de costos<\/li>\n<li>Estrategies de reducci\u00f3 de costos<\/li>\n<\/ul>\n\n<span style=\"color:#c1002b\">M\u00f2dul 2 \u00b7 Control i gesti\u00f3 d'estocs<\/span>\n<strong>Operacions b\u00e0siques amb estocs<\/strong>\n<ul>\n<li>C\u00e0lcul d\u2019estocs de seguretat<\/li>\n<li>C\u00e0lcul d\u2019altres \u00edndexs d\u2019estoc<\/li>\n<\/ul>\n\n<strong>Definici\u00f3 dels fluxos del magatzem<\/strong>\n<ul>\n<li>Fluxos d\u2019entrada i sortida<\/li>\n<li>Ubicacions<\/li>\n<li>Protocols d\u2019entrada i sortida de mercaderies<\/li>\n<\/ul>\n\n<span style=\"color:#c1002b\">M\u00f2dul 3 \u00b7 Les compres i el prove\u00efment<\/span>\n<strong>Proc\u00e9s de compres i prove\u00efment<\/strong>\n<ul>\n<li>Identificaci\u00f3 i comparaci\u00f3 de prove\u00efdors<\/li>\n<li>Condicions d\u2019aprovisionament<\/li>\n<li>Quadres de prove\u00efment<\/li>\n<\/ul>\n\n<strong>Relacions amb la clientela i incid\u00e8ncies<\/strong>\n<ul>\n<li>Gesti\u00f3 de la clientela i de les incid\u00e8ncies<\/li>\n<li>Tra\u00e7abilitat<\/li>\n<\/ul>\n\n<strong>Transports i comer\u00e7 internacional<\/strong>\n<ul>\n<li>Classificaci\u00f3 dels modes de transport<\/li>\n<li>Estudi del mode de transport i documentaci\u00f3 associada<\/li>\n<li>Xarxes de distribuci\u00f3<\/li>\n<li>Concepte i difer\u00e8ncies del comer\u00e7 internacional<\/li>\n<\/ul>\n\n<strong>Qualitat en el proc\u00e9s log\u00edstic<\/strong>\n<ul>\n<li>Protocols de qualitat<\/li>\n<li>Sistemes de gesti\u00f3 de la qualitat<\/li>\n<\/ul>","_objectius":"<span style=\"color:#c1002b\"><strong>Objectiu general<\/strong><\/span>\nIdentificar l'estructura log\u00edstica integral d'una empresa, aix\u00ed com gestionar processos log\u00edstics relacionats amb el magatzem, estocs, aprovisionament, producci\u00f3 i transport.\n\n<span style=\"color:#c1002b\">Objectius espec\u00edfics<\/span>\n<ul> \n<li>Comprendre el concepte de log\u00edstica integral i de cadena de subministrament, aix\u00ed com identificar els costos associats.<\/li>\n\n<li>Gestionar i controlar l\u2019estoc i els fluxos d\u2019entrada i sortida de mercaderies al magatzem.<\/li>\n\n<li>Identificar i gestionar els processos de compres, prove\u00efment i transport, aix\u00ed com les relacions amb la clientela i prove\u00efdors.<\/li>\n<\/ul>","_requisits":"<span style=\"color:#c1002b\">Requisits dels alumnes<\/span>\n<ul>\n<li><strong>Estudis (Acreditacions\/Titulacions)<\/strong>\n  <ul>\n    <li>Certificat de professionalitat de nivell 1 o superior<\/li>\n    <li>T\u00edtol Professional B\u00e0sic (FP B\u00e0sica)<\/li>\n    <li>Graduat en Educaci\u00f3 Secund\u00e0ria Obligat\u00f2ria (ESO) o equivalent<\/li>\n    <li>T\u00edtol de T\u00e8cnic (FP Grau Mitj\u00e0) o equivalent<\/li>\n    <li>Haver superat la prova d\u2019acc\u00e9s a cicles formatius de grau mitj\u00e0<\/li>\n    <li>Haver superat qualsevol prova oficial d\u2019acc\u00e9s a la Universitat<\/li>\n  <\/ul>\n<\/li>\n\n<li><strong>Experi\u00e8ncia professional<\/strong>\n  <ul>\n    <li>No es requereix experi\u00e8ncia professional<\/li>\n  <\/ul>\n<\/li>\n\n<li><strong>Altres requisits<\/strong>\n  <ul>\n    <li>Si no es disposa del nivell acad\u00e8mic m\u00ednim, cal demostrar coneixements i compet\u00e8ncies mitjan\u00e7ant una <a href=\"https:\/\/forms.gle\/wDD58XipWQwNYkwi8\">prova d\u2019acc\u00e9s<\/a><\/li>\n    <li>Per a teleformaci\u00f3: cal tenir destresa b\u00e0sica amb plataformes virtuals<\/li>\n  <\/ul>\n<\/li>\n<\/ul>\n\nEl curs est\u00e0 dirigit a tots els alumnes interessats en el tema personal o professionalment.\n\n<ul> \n<li>Persones que cotitzen per R\u00e8gim General o Aut\u00f2nom.<\/li> \n<li>Persones en situaci\u00f3 d'atur: Aquest col\u00b7lectiu t\u00e9 l'acc\u00e9s limitat a aquest Pla de Formaci\u00f3, per la qual cosa no tindran garantida la seva pla\u00e7a fins que portin la documentaci\u00f3 presencialment al Centre de Formaci\u00f3 i es comprovi que no s'excedeix la limitaci\u00f3 estipulada pel Reial decret 694\/2017.<\/li> \n<li>Els treballadors de l'Administraci\u00f3 P\u00fablica no poden accedir a aquest Pla de Formaci\u00f3 Sectorial.<\/li> \n<\/ul>","_materials":null,"_resp_name":"Silvia Sanchez Soler","_resp_email":null,"_certificado":"0","_adaptado":"0","_modality_id":"2","_training_area_id":"11","_custom_code":null,"_group":"1","_closed":"0","_full":"0","_num_sessions":null,"_visible_on_web":"1","_wpml_trid":"1222","_wpml_lang":"ca"},"class_list":["post-1457","curso_foment","type-curso_foment","status-publish","hentry"],"yoast_head":"<!-- This site is optimized with the Yoast SEO plugin v27.2 - https:\/\/yoast.com\/product\/yoast-seo-wordpress\/ -->\n<title>Gesti\u00f3 de processos log\u00edstics -<\/title>\n<meta name=\"robots\" content=\"noindex, follow, max-snippet:-1, max-image-preview:large, max-video-preview:-1\" \/>\n<meta property=\"og:locale\" content=\"ca_ES\" \/>\n<meta property=\"og:type\" content=\"article\" \/>\n<meta property=\"og:title\" content=\"Gesti\u00f3 de processos log\u00edstics -\" \/>\n<meta property=\"og:url\" content=\"https:\/\/foment.teamdesarrollo.com\/ca\/formacio\/gestio-processos-logistics\/\" \/>\n<meta property=\"article:modified_time\" content=\"2026-04-29T07:59:41+00:00\" \/>\n<meta name=\"twitter:card\" content=\"summary_large_image\" \/>\n<script type=\"application\/ld+json\" class=\"yoast-schema-graph\">{\"@context\":\"https:\/\/schema.org\",\"@graph\":[{\"@type\":\"WebPage\",\"@id\":\"https:\/\/foment.teamdesarrollo.com\/ca\/formacio\/gestio-processos-logistics\/\",\"url\":\"https:\/\/foment.teamdesarrollo.com\/ca\/formacio\/gestio-processos-logistics\/\",\"name\":\"Gesti\u00f3 de processos log\u00edstics -\",\"isPartOf\":{\"@id\":\"https:\/\/foment.teamdesarrollo.com\/ca\/#website\"},\"datePublished\":\"2026-04-29T07:54:21+00:00\",\"dateModified\":\"2026-04-29T07:59:41+00:00\",\"breadcrumb\":{\"@id\":\"https:\/\/foment.teamdesarrollo.com\/ca\/formacio\/gestio-processos-logistics\/#breadcrumb\"},\"inLanguage\":\"ca\",\"potentialAction\":[{\"@type\":\"ReadAction\",\"target\":[\"https:\/\/foment.teamdesarrollo.com\/ca\/formacio\/gestio-processos-logistics\/\"]}]},{\"@type\":\"BreadcrumbList\",\"@id\":\"https:\/\/foment.teamdesarrollo.com\/ca\/formacio\/gestio-processos-logistics\/#breadcrumb\",\"itemListElement\":[{\"@type\":\"ListItem\",\"position\":1,\"name\":\"Portada\",\"item\":\"https:\/\/foment.teamdesarrollo.com\/ca\/\"},{\"@type\":\"ListItem\",\"position\":2,\"name\":\"Cursos\",\"item\":\"https:\/\/foment.teamdesarrollo.com\/ca\/formacio\/\"},{\"@type\":\"ListItem\",\"position\":3,\"name\":\"Gesti\u00f3 de processos log\u00edstics\"}]},{\"@type\":\"WebSite\",\"@id\":\"https:\/\/foment.teamdesarrollo.com\/ca\/#website\",\"url\":\"https:\/\/foment.teamdesarrollo.com\/ca\/\",\"name\":\"\",\"description\":\"\",\"potentialAction\":[{\"@type\":\"SearchAction\",\"target\":{\"@type\":\"EntryPoint\",\"urlTemplate\":\"https:\/\/foment.teamdesarrollo.com\/ca\/?s={search_term_string}\"},\"query-input\":{\"@type\":\"PropertyValueSpecification\",\"valueRequired\":true,\"valueName\":\"search_term_string\"}}],\"inLanguage\":\"ca\"}]}<\/script>\n<!-- \/ Yoast SEO plugin. -->","yoast_head_json":{"title":"Gesti\u00f3 de processos log\u00edstics -","robots":{"index":"noindex","follow":"follow","max-snippet":"max-snippet:-1","max-image-preview":"max-image-preview:large","max-video-preview":"max-video-preview:-1"},"og_locale":"ca_ES","og_type":"article","og_title":"Gesti\u00f3 de processos log\u00edstics -","og_url":"https:\/\/foment.teamdesarrollo.com\/ca\/formacio\/gestio-processos-logistics\/","article_modified_time":"2026-04-29T07:59:41+00:00","twitter_card":"summary_large_image","schema":{"@context":"https:\/\/schema.org","@graph":[{"@type":"WebPage","@id":"https:\/\/foment.teamdesarrollo.com\/ca\/formacio\/gestio-processos-logistics\/","url":"https:\/\/foment.teamdesarrollo.com\/ca\/formacio\/gestio-processos-logistics\/","name":"Gesti\u00f3 de processos log\u00edstics -","isPartOf":{"@id":"https:\/\/foment.teamdesarrollo.com\/ca\/#website"},"datePublished":"2026-04-29T07:54:21+00:00","dateModified":"2026-04-29T07:59:41+00:00","breadcrumb":{"@id":"https:\/\/foment.teamdesarrollo.com\/ca\/formacio\/gestio-processos-logistics\/#breadcrumb"},"inLanguage":"ca","potentialAction":[{"@type":"ReadAction","target":["https:\/\/foment.teamdesarrollo.com\/ca\/formacio\/gestio-processos-logistics\/"]}]},{"@type":"BreadcrumbList","@id":"https:\/\/foment.teamdesarrollo.com\/ca\/formacio\/gestio-processos-logistics\/#breadcrumb","itemListElement":[{"@type":"ListItem","position":1,"name":"Portada","item":"https:\/\/foment.teamdesarrollo.com\/ca\/"},{"@type":"ListItem","position":2,"name":"Cursos","item":"https:\/\/foment.teamdesarrollo.com\/ca\/formacio\/"},{"@type":"ListItem","position":3,"name":"Gesti\u00f3 de processos log\u00edstics"}]},{"@type":"WebSite","@id":"https:\/\/foment.teamdesarrollo.com\/ca\/#website","url":"https:\/\/foment.teamdesarrollo.com\/ca\/","name":"","description":"","potentialAction":[{"@type":"SearchAction","target":{"@type":"EntryPoint","urlTemplate":"https:\/\/foment.teamdesarrollo.com\/ca\/?s={search_term_string}"},"query-input":{"@type":"PropertyValueSpecification","valueRequired":true,"valueName":"search_term_string"}}],"inLanguage":"ca"}]}},"_links":{"self":[{"href":"https:\/\/foment.teamdesarrollo.com\/ca\/wp-json\/wp\/v2\/curso_foment\/1457","targetHints":{"allow":["GET"]}}],"collection":[{"href":"https:\/\/foment.teamdesarrollo.com\/ca\/wp-json\/wp\/v2\/curso_foment"}],"about":[{"href":"https:\/\/foment.teamdesarrollo.com\/ca\/wp-json\/wp\/v2\/types\/curso_foment"}],"wp:attachment":[{"href":"https:\/\/foment.teamdesarrollo.com\/ca\/wp-json\/wp\/v2\/media?parent=1457"}],"curies":[{"name":"wp","href":"https:\/\/api.w.org\/{rel}","templated":true}]}}