{"id":1253,"date":"2026-04-17T07:55:20","date_gmt":"2026-04-17T07:55:20","guid":{"rendered":"https:\/\/reverent-almeida.91-213-46-106.plesk.page\/curso\/basic-de-prevencio-de-riscos-laborals\/"},"modified":"2026-04-29T07:59:11","modified_gmt":"2026-04-29T07:59:11","slug":"basic-de-prevencio-de-riscos-laborals","status":"publish","type":"curso_foment","link":"https:\/\/foment.teamdesarrollo.com\/ca\/formacio\/basic-de-prevencio-de-riscos-laborals\/","title":{"rendered":"B\u00e0sic de prevenci\u00f3 de riscos laborals"},"featured_media":0,"template":"","meta":{"_doceos_id":"17176","_start_date":"2026-05-11T22:00:00.000000Z","_end_date":"2026-06-22T22:00:00.000000Z","_available_seats":"11","_seats":"40","_lang_code":"ca","_tt_days_mask":"1111100","_tt_pm_start":"00:00:00","_tt_pm_end":"00:00:00","_timetable_desc":"","_horario_tipo":"Ma\u00f1ana","_presence_hours":"0","_teletraining_hours":"30","_distance_hours":"0","_syllabus":"M\u00f2dul 1 \u00b7 Seguretat i salut en el treball\n  - Marc conceptual i legislatiu de la prevenci\u00f3\n  - Habilitats de gesti\u00f3, personals i socials\n\nM\u00f2dul 2 \u00b7 Riscos generals i la seva prevenci\u00f3\n  - Riscos i mesures preventives generals\n  - Actuaci\u00f3 en emerg\u00e8ncies i primers auxilis\n  - Habilitats de gesti\u00f3, personals i socials\n\nM\u00f2dul 3 \u00b7 Riscos espec\u00edfics i la seva prevenci\u00f3 en el sector de l\u2019empresa\n  - Identificaci\u00f3 i control dels riscos espec\u00edfics\n  - Habilitats de gesti\u00f3, personals i socials\n\nM\u00f2dul 4 \u00b7 Elements b\u00e0sics de gesti\u00f3 de la prevenci\u00f3 de riscos\n  - Gesti\u00f3 i organitzaci\u00f3 de la prevenci\u00f3\n  - Organismes i recursos de suport\n  - Habilitats de gesti\u00f3, personals i socials","_contingut":"<span style=\"color:#c1002b\">Contingut del curs<\/span>\n<span style=\"color:#c1002b\">M\u00f2dul 1 \u00b7 Seguretat i salut en el treball<\/span>\n<strong>Marc conceptual i legislatiu de la prevenci\u00f3<\/strong>\n<ul>\n<li>Terminologia relacionada amb la seguretat i salut en el treball.<\/li>\n<li>Tipus de riscos laborals i possibles danys derivats del treball.<\/li>\n<li>Fonaments jur\u00eddics i normes b\u00e0siques en mat\u00e8ria de prevenci\u00f3 de riscos laborals.<\/li>\n<li>Drets i deures b\u00e0sics dels treballadors i de l\u2019empresa.<\/li>\n<\/ul>\n\n<strong>Habilitats de gesti\u00f3, personals i socials<\/strong>\n<ul>\n<li>Sensibilitzaci\u00f3 sobre la import\u00e0ncia dels m\u00e8todes segurs en el lloc de treball.<\/li>\n<li>Conscienciaci\u00f3 sobre la necessitat d\u2019actualitzar la normativa de seguretat i salut laboral.<\/li>\n<\/ul>\n\n<span style=\"color:#c1002b\">M\u00f2dul 2 \u00b7 Riscos generals i la seva prevenci\u00f3<\/span>\n<strong>Riscos i mesures preventives generals<\/strong>\n<ul>\n<li>Riscos lligats a les condicions de seguretat: llocs de treball, eines, m\u00e0quines, electricitat, incendis, emmagatzematge i transport.<\/li>\n<li>Riscos derivats del medi ambient laboral: agents qu\u00edmics, f\u00edsics i biol\u00f2gics.<\/li>\n<li>Riscos relacionats amb la c\u00e0rrega de treball, la fatiga i la insatisfacci\u00f3 laboral.<\/li>\n<li>Valoraci\u00f3 i prevenci\u00f3 dels riscos associats al lloc de treball: protecci\u00f3 col\u00b7lectiva i individual.<\/li>\n<\/ul>\n\n<strong>Actuaci\u00f3 en emerg\u00e8ncies i primers auxilis<\/strong>\n<ul>\n<li>Plans d\u2019autoprotecci\u00f3 i protocols d\u2019actuaci\u00f3 en emerg\u00e8ncies.<\/li>\n<li>Simulacres i classificaci\u00f3 de situacions d\u2019emerg\u00e8ncia.<\/li>\n<li>Primers auxilis b\u00e0sics: cadena de socors, hemorr\u00e0gies i \u00fas del botiqu\u00ed.<\/li>\n<\/ul>\n\n<strong>Habilitats de gesti\u00f3, personals i socials<\/strong>\n<ul>\n<li>Planificaci\u00f3 de mesures preventives i cooperaci\u00f3 en equips de treball.<\/li>\n<li>Capacitat de decisi\u00f3 davant possibles incidents o emerg\u00e8ncies.<\/li>\n<\/ul>\n\n<span style=\"color:#c1002b\">M\u00f2dul 3 \u00b7 Riscos espec\u00edfics i la seva prevenci\u00f3 en el sector de l\u2019empresa<\/span>\n<strong>Identificaci\u00f3 i control dels riscos espec\u00edfics<\/strong>\n<ul>\n<li>Riscos propis del sector empresarial.<\/li>\n<li>Mesures preventives espec\u00edfiques: protecci\u00f3 col\u00b7lectiva i individual.<\/li>\n<\/ul>\n\n<strong>Habilitats de gesti\u00f3, personals i socials<\/strong>\n<ul>\n<li>Valoraci\u00f3 de la import\u00e0ncia d\u2019aplicar mesures preventives al lloc de treball.<\/li>\n<li>Iniciativa en la millora dels processos per garantir entorns laborals segurs.<\/li>\n<\/ul>\n\n<span style=\"color:#c1002b\">M\u00f2dul 4 \u00b7 Elements b\u00e0sics de gesti\u00f3 de la prevenci\u00f3 de riscos<\/span>\n<strong>Gesti\u00f3 i organitzaci\u00f3 de la prevenci\u00f3<\/strong>\n<ul>\n<li>Planificaci\u00f3 de la prevenci\u00f3 en el pla preventiu de l\u2019empresa.<\/li>\n<li>Avaluaci\u00f3 de riscos i adopci\u00f3 de mesures preventives.<\/li>\n<li>Informaci\u00f3 i vigil\u00e0ncia de la salut dels treballadors.<\/li>\n<li>Actuacions davant situacions d\u2019emerg\u00e8ncia i documentaci\u00f3 preventiva.<\/li>\n<\/ul>\n\n<strong>Organismes i recursos de suport<\/strong>\n<ul>\n<li>Serveis de prevenci\u00f3 propis i aliens.<\/li>\n<li>Organismes p\u00fablics nacionals i internacionals: OIT, Uni\u00f3 Europea, INSST, Inspecci\u00f3 de Treball, Comissi\u00f3 Nacional de Seguretat i Salut, etc.<\/li>\n<\/ul>\n\n<strong>Habilitats de gesti\u00f3, personals i socials<\/strong>\n<ul>\n<li>Organitzaci\u00f3 eficient de la prevenci\u00f3 i comunicaci\u00f3 segura amb els treballadors.<\/li>\n<li>Iniciativa per a l\u2019actualitzaci\u00f3 constant dels coneixements en seguretat laboral.<\/li>\n<\/ul>\n","_objectius":"<span style=\"color:#c1002b\"><strong>Objectiu general<\/strong><\/span>\nPreveure els riscos en el treball i determinar accions preventives elementals i\/o de protecci\u00f3 de la salut, minimitzant els riscos.\n\n<span style=\"color:#c1002b\">Objectius espec\u00edfics<\/span>\n<ul> \n<li>Identificar els conceptes b\u00e0sics de seguretat i salut laboral, aix\u00ed com la normativa aplicable.<\/li>\n\n<li>Distingir els diferents tipus de riscos laborals i els possibles danys derivats del treball.<\/li>\n\n<li>Aplicar mesures preventives i protocols d\u2019actuaci\u00f3 en situacions d\u2019emerg\u00e8ncia.<\/li>\n\n<li>Recon\u00e8ixer els riscos espec\u00edfics associats al sector d\u2019activitat de l\u2019empresa i adoptar les mesures preventives corresponents.<\/li>\n\n<li>Participar activament en la gesti\u00f3 i el control de la prevenci\u00f3 de riscos laborals dins l\u2019organitzaci\u00f3.<\/li>\n\n<li>Desenvolupar actituds responsables i proactives en mat\u00e8ria de seguretat i salut en el treball.<\/li>\n<\/ul>","_requisits":"<span style=\"color:#c1002b\">Requisits dels alumnes<\/span>\n<ul>\n<li><strong>Estudis (Acreditacions\/Titulacions)<\/strong>\n  <ul>\n    <li>No es requereix titulaci\u00f3 espec\u00edfica.<\/li>\n    <li>Cal tenir habilitats comunicatives suficients per seguir la formaci\u00f3 amb aprofitament.<\/li>\n  <\/ul>\n<\/li>\n\n<li><strong>Experi\u00e8ncia professional<\/strong>\n  <ul>\n    <li>No es requereix experi\u00e8ncia pr\u00e8via.<\/li>\n  <\/ul>\n<\/li>\n\n<li><strong>Altres requisits<\/strong>\n  <ul>\n    <li>En modalitat de teleformaci\u00f3, \u00e9s necessari disposar de compet\u00e8ncies digitals b\u00e0siques per utilitzar la plataforma virtual.<\/li>\n  <\/ul>\n<\/li>\n<\/ul>\nEl curs est\u00e0 dirigit a tots els alumnes interessats en el tema personal o professionalment.\n<ul>\n \t<li>Persones que cotitzen per R\u00e8gim General o Aut\u00f2nom.<\/li>\n \t<li>Persones en situaci\u00f3 d'atur: Aquest col\u00b7lectiu t\u00e9 l'acc\u00e9s limitat a aquest Pla de Formaci\u00f3, per la qual cosa no tindran garantida la seva pla\u00e7a fins que portin la documentaci\u00f3 presencialment al Centre de Formaci\u00f3 i es comprovi que no s'excedeix la limitaci\u00f3 estipulada per al Reial decret 694\/2017, de 3 de juliol, pel qual es desplega la Llei 30\/2015, de 9 de setembre, per la qual es regula el sistema de formaci\u00f3 professional per a l\u2019ocupaci\u00f3 en l\u2019\u00e0mbit laboral.<\/li>\n<\/ul>","_materials":null,"_resp_name":"Silvia Sanchez Soler","_resp_email":null,"_certificado":"0","_adaptado":"0","_modality_id":"2","_training_area_id":"7","_custom_code":null,"_group":"2","_closed":"0","_full":"0","_num_sessions":null,"_visible_on_web":"1","_wpml_trid":"1122","_wpml_lang":"ca"},"class_list":["post-1253","curso_foment","type-curso_foment","status-publish","hentry"],"yoast_head":"<!-- This site is optimized with the Yoast SEO plugin v27.2 - https:\/\/yoast.com\/product\/yoast-seo-wordpress\/ -->\n<title>B\u00e0sic de prevenci\u00f3 de riscos laborals -<\/title>\n<meta name=\"robots\" content=\"noindex, follow, max-snippet:-1, max-image-preview:large, max-video-preview:-1\" \/>\n<meta property=\"og:locale\" content=\"ca_ES\" \/>\n<meta property=\"og:type\" content=\"article\" \/>\n<meta property=\"og:title\" content=\"B\u00e0sic de prevenci\u00f3 de riscos laborals -\" \/>\n<meta property=\"og:url\" content=\"https:\/\/foment.teamdesarrollo.com\/ca\/formacio\/basic-de-prevencio-de-riscos-laborals\/\" \/>\n<meta property=\"article:modified_time\" content=\"2026-04-29T07:59:11+00:00\" \/>\n<meta name=\"twitter:card\" content=\"summary_large_image\" \/>\n<script type=\"application\/ld+json\" class=\"yoast-schema-graph\">{\"@context\":\"https:\/\/schema.org\",\"@graph\":[{\"@type\":\"WebPage\",\"@id\":\"https:\/\/foment.teamdesarrollo.com\/ca\/formacio\/basic-de-prevencio-de-riscos-laborals\/\",\"url\":\"https:\/\/foment.teamdesarrollo.com\/ca\/formacio\/basic-de-prevencio-de-riscos-laborals\/\",\"name\":\"B\u00e0sic de prevenci\u00f3 de riscos laborals -\",\"isPartOf\":{\"@id\":\"https:\/\/foment.teamdesarrollo.com\/ca\/#website\"},\"datePublished\":\"2026-04-17T07:55:20+00:00\",\"dateModified\":\"2026-04-29T07:59:11+00:00\",\"breadcrumb\":{\"@id\":\"https:\/\/foment.teamdesarrollo.com\/ca\/formacio\/basic-de-prevencio-de-riscos-laborals\/#breadcrumb\"},\"inLanguage\":\"ca\",\"potentialAction\":[{\"@type\":\"ReadAction\",\"target\":[\"https:\/\/foment.teamdesarrollo.com\/ca\/formacio\/basic-de-prevencio-de-riscos-laborals\/\"]}]},{\"@type\":\"BreadcrumbList\",\"@id\":\"https:\/\/foment.teamdesarrollo.com\/ca\/formacio\/basic-de-prevencio-de-riscos-laborals\/#breadcrumb\",\"itemListElement\":[{\"@type\":\"ListItem\",\"position\":1,\"name\":\"Portada\",\"item\":\"https:\/\/foment.teamdesarrollo.com\/ca\/\"},{\"@type\":\"ListItem\",\"position\":2,\"name\":\"Cursos\",\"item\":\"https:\/\/foment.teamdesarrollo.com\/ca\/formacio\/\"},{\"@type\":\"ListItem\",\"position\":3,\"name\":\"B\u00e0sic de prevenci\u00f3 de riscos laborals\"}]},{\"@type\":\"WebSite\",\"@id\":\"https:\/\/foment.teamdesarrollo.com\/ca\/#website\",\"url\":\"https:\/\/foment.teamdesarrollo.com\/ca\/\",\"name\":\"\",\"description\":\"\",\"potentialAction\":[{\"@type\":\"SearchAction\",\"target\":{\"@type\":\"EntryPoint\",\"urlTemplate\":\"https:\/\/foment.teamdesarrollo.com\/ca\/?s={search_term_string}\"},\"query-input\":{\"@type\":\"PropertyValueSpecification\",\"valueRequired\":true,\"valueName\":\"search_term_string\"}}],\"inLanguage\":\"ca\"}]}<\/script>\n<!-- \/ Yoast SEO plugin. -->","yoast_head_json":{"title":"B\u00e0sic de prevenci\u00f3 de riscos laborals -","robots":{"index":"noindex","follow":"follow","max-snippet":"max-snippet:-1","max-image-preview":"max-image-preview:large","max-video-preview":"max-video-preview:-1"},"og_locale":"ca_ES","og_type":"article","og_title":"B\u00e0sic de prevenci\u00f3 de riscos laborals -","og_url":"https:\/\/foment.teamdesarrollo.com\/ca\/formacio\/basic-de-prevencio-de-riscos-laborals\/","article_modified_time":"2026-04-29T07:59:11+00:00","twitter_card":"summary_large_image","schema":{"@context":"https:\/\/schema.org","@graph":[{"@type":"WebPage","@id":"https:\/\/foment.teamdesarrollo.com\/ca\/formacio\/basic-de-prevencio-de-riscos-laborals\/","url":"https:\/\/foment.teamdesarrollo.com\/ca\/formacio\/basic-de-prevencio-de-riscos-laborals\/","name":"B\u00e0sic de prevenci\u00f3 de riscos laborals -","isPartOf":{"@id":"https:\/\/foment.teamdesarrollo.com\/ca\/#website"},"datePublished":"2026-04-17T07:55:20+00:00","dateModified":"2026-04-29T07:59:11+00:00","breadcrumb":{"@id":"https:\/\/foment.teamdesarrollo.com\/ca\/formacio\/basic-de-prevencio-de-riscos-laborals\/#breadcrumb"},"inLanguage":"ca","potentialAction":[{"@type":"ReadAction","target":["https:\/\/foment.teamdesarrollo.com\/ca\/formacio\/basic-de-prevencio-de-riscos-laborals\/"]}]},{"@type":"BreadcrumbList","@id":"https:\/\/foment.teamdesarrollo.com\/ca\/formacio\/basic-de-prevencio-de-riscos-laborals\/#breadcrumb","itemListElement":[{"@type":"ListItem","position":1,"name":"Portada","item":"https:\/\/foment.teamdesarrollo.com\/ca\/"},{"@type":"ListItem","position":2,"name":"Cursos","item":"https:\/\/foment.teamdesarrollo.com\/ca\/formacio\/"},{"@type":"ListItem","position":3,"name":"B\u00e0sic de prevenci\u00f3 de riscos laborals"}]},{"@type":"WebSite","@id":"https:\/\/foment.teamdesarrollo.com\/ca\/#website","url":"https:\/\/foment.teamdesarrollo.com\/ca\/","name":"","description":"","potentialAction":[{"@type":"SearchAction","target":{"@type":"EntryPoint","urlTemplate":"https:\/\/foment.teamdesarrollo.com\/ca\/?s={search_term_string}"},"query-input":{"@type":"PropertyValueSpecification","valueRequired":true,"valueName":"search_term_string"}}],"inLanguage":"ca"}]}},"_links":{"self":[{"href":"https:\/\/foment.teamdesarrollo.com\/ca\/wp-json\/wp\/v2\/curso_foment\/1253","targetHints":{"allow":["GET"]}}],"collection":[{"href":"https:\/\/foment.teamdesarrollo.com\/ca\/wp-json\/wp\/v2\/curso_foment"}],"about":[{"href":"https:\/\/foment.teamdesarrollo.com\/ca\/wp-json\/wp\/v2\/types\/curso_foment"}],"wp:attachment":[{"href":"https:\/\/foment.teamdesarrollo.com\/ca\/wp-json\/wp\/v2\/media?parent=1253"}],"curies":[{"name":"wp","href":"https:\/\/api.w.org\/{rel}","templated":true}]}}