{"id":1213,"date":"2026-04-17T07:55:10","date_gmt":"2026-04-17T07:55:10","guid":{"rendered":"https:\/\/reverent-almeida.91-213-46-106.plesk.page\/curso\/especialitzacio-dret-laboral\/"},"modified":"2026-04-29T07:59:05","modified_gmt":"2026-04-29T07:59:05","slug":"especialitzacio-dret-laboral","status":"publish","type":"curso_foment","link":"https:\/\/foment.teamdesarrollo.com\/ca\/formacio\/especialitzacio-dret-laboral\/","title":{"rendered":"Especialitzaci\u00f3 dret laboral"},"featured_media":0,"template":"","meta":{"_doceos_id":"17149","_start_date":"2026-04-19T22:00:00.000000Z","_end_date":"2026-06-09T22:00:00.000000Z","_available_seats":"0","_seats":"24","_lang_code":"ca","_tt_days_mask":"1010000","_tt_pm_start":"18:00:00","_tt_pm_end":"21:00:00","_timetable_desc":"Monday and Wednesday from 18:00 to 21:00","_horario_tipo":"Tarde","_presence_hours":"44","_teletraining_hours":"0","_distance_hours":"0","_syllabus":"M\u00f2dul 1 \u00b7 L\u2019ordenament jur\u00eddic laboral\n\n- Identificaci\u00f3 dels drets laborals a l'ordenament jur\u00eddic\n- Actitud proactiva en el coneixement de les diferents normes i institucions legislatives del dret laboral\n\nM\u00f2dul 2 \u00b7 Les institucions jur\u00eddiques laborals\n\n- Descripci\u00f3, caracter\u00edstiques i tipus de contracte de treball\n- Identificaci\u00f3 de les caracter\u00edstiques del temps de treball\n- Descripci\u00f3 de mesures de conciliaci\u00f3 de la vida personal, laboral i familiar\n- Habilitats de gesti\u00f3, personals i socials\n\nM\u00f2dul 3 \u00b7 La representaci\u00f3 legal de les persones treballadores\n\n- An\u00e0lisi de les normes sobre representaci\u00f3 legal de les persones treballadores i la llibertat sindical\n- Identificaci\u00f3 dels diferents tipus de representaci\u00f3 de les persones treballadores\n- Resum dels mecanismes de constituci\u00f3, les funcions i el mandat dels \u00f2rgans de representaci\u00f3 legal i sindical del personal\n- Indicaci\u00f3 de les caracter\u00edstiques del conflicte col\u00b7lectiu\n- Habilitats de gesti\u00f3, personals i socials\n\nM\u00f2dul 4 \u00b7 L\u2019acomiadament individual i col\u00b7lectiu\n\n- Descripci\u00f3 del marc legal de l\u2019acomiadament individual\n- Classificaci\u00f3 de les caracter\u00edstiques de l\u2019acomiadament col\u00b7lectiu\n- Habilitats de gesti\u00f3, personals i socials","_contingut":"<span style=\"color:#c1002b\">M\u00f2dul 1 \u00b7 L\u2019ordenament jur\u00eddic laboral<\/span>\n<strong>Identificaci\u00f3 dels drets laborals a l'ordenament jur\u00eddic<\/strong>\n<ul>\n<li>Els tractats internacionals<\/li>\n<li>La Constituci\u00f3 del 1978 i el reconeixement dels drets laborals<\/li>\n<li>L'Estatut dels Treballadors: origen i reformes<\/li>\n<li>Els convenis col\u00b7lectius: concepte i caracter\u00edstiques<\/li>\n<li>Els plans d\u2019igualtat d\u2019oportunitats entre dones i homes com a garantia de la igualtat de drets en l\u2019\u00e0mbit laboral<\/li>\n<\/ul>\n\n<strong>Actitud proactiva en el coneixement de les diferents normes i institucions legislatives del dret laboral<\/strong>\n<ul>\n<li>Adquisici\u00f3 d\u2019una actitud proactiva respecte el coneixement normatiu<\/li>\n<\/ul>\n\n<span style=\"color:#c1002b\">M\u00f2dul 2 \u00b7 Les institucions jur\u00eddiques laborals<\/span>\n<strong>Descripci\u00f3, caracter\u00edstiques i tipus de contracte de treball<\/strong>\n<ul>\n<li>El contracte de treball<\/li>\n<li>Elements del contracte de treball<\/li>\n<li>Tipus de contracte de treball i les darreres modificacions legislatives (indefinit, temporal, fix discontinu, jubilaci\u00f3 parcial, contracte de relleu, contracte de pr\u00e0ctiques...)<\/li>\n<li>La modificaci\u00f3 del contracte de treball per causes funcionals, geogr\u00e0fiques, etc.<\/li>\n<\/ul>\n\n<strong>Identificaci\u00f3 de les caracter\u00edstiques del temps de treball<\/strong>\n<ul>\n<li>Tipus de jornada: completa, parcial i reducci\u00f3 de jornada com a mesura de conciliaci\u00f3 de la vida personal, laboral i familiar<\/li>\n<li>L\u2019horari de treball: temps de descans, jornada nocturna, flexibilitat hor\u00e0ria com a instrument de conciliaci\u00f3...<\/li>\n<li>Permisos retribu\u00efts i abs\u00e8ncies justificades<\/li>\n<\/ul>\n\n<strong>Descripci\u00f3 de mesures de conciliaci\u00f3 de la vida personal, laboral i familiar<\/strong>\n<ul>\n<li>Contingut als convenis col\u00b7lectius<\/li>\n<li>Els plans d\u2019igualtat com a instrument de millora de la conciliaci\u00f3<\/li>\n<li>Les mesures de conciliaci\u00f3 de la vida personal, laboral i familiar: flexibilitat hor\u00e0ria, espacial, beneficis socials...<\/li>\n<\/ul>\n\n<strong>Habilitats de gesti\u00f3, personals i socials<\/strong>\n<ul>\n<li>Assimilaci\u00f3 de les principals institucions del dret laboral existents<\/li>\n<li>Atenci\u00f3 a les caracter\u00edstiques de cada instituci\u00f3 laboral amb la finalitat de prestar un correcte assessorament<\/li>\n<\/ul>\n\n<span style=\"color:#c1002b\">M\u00f2dul 3 \u00b7 La representaci\u00f3 legal de les persones treballadores<\/span>\n<strong>An\u00e0lisi de les normes sobre representaci\u00f3 legal de les persones treballadores i la llibertat sindical<\/strong>\n<ul>\n<li>Llibertat Sindical<\/li>\n<li>Estatut dels Treballadors<\/li>\n<li>El dret a reuni\u00f3 i el dret a sindicaci\u00f3<\/li>\n<\/ul>\n\n<strong>Identificaci\u00f3 dels diferents tipus de representaci\u00f3 de les persones treballadores: concepte i caracter\u00edstiques<\/strong>\n<ul>\n<li>Delegats i seccions sindicals<\/li>\n<li>Delegats de personal<\/li>\n<li>Comit\u00e8 d\u2019empresa<\/li>\n<\/ul>\n\n<strong>Resum dels mecanismes de constituci\u00f3, les funcions i el mandat dels \u00f2rgans de representaci\u00f3 legal i sindical del personal<\/strong>\n<ul>\n<li>El procediment electoral<\/li>\n<li>Delegats i seccions sindicals<\/li>\n<li>Delegats de personal<\/li>\n<li>Comit\u00e8 d\u2019empresa<\/li>\n<\/ul>\n\n<strong>Indicaci\u00f3 de les caracter\u00edstiques del conflicte col\u00b7lectiu<\/strong>\n<ul>\n<li>La vaga: or\u00edgens i significat. Caracter\u00edstiques.<\/li>\n<li>Procediment de convocat\u00f2ria i arbitratge.<\/li>\n<li>Efectes de la vaga.<\/li>\n<li>Els serveis m\u00ednims: caracter\u00edstiques i requisits.<\/li>\n<li>El tancament patronal (lock-out).<\/li>\n<\/ul>\n\n<strong>Habilitats de gesti\u00f3, personals i socials<\/strong>\n<ul>\n<li>Actitud proactiva a con\u00e8ixer i diferenciar els diferents tipus de representaci\u00f3 de les persones treballadores en el marc de l\u2019assessorament professional.<\/li>\n<li>Predisposici\u00f3 per assessorar persones treballadores sobre les q\u00fcestions que es plantegin a l\u2019exercici professional de l\u2019advocacia.<\/li>\n<\/ul>\n\n<span style=\"color:#c1002b\">M\u00f2dul 4 \u00b7 L\u2019acomiadament individual i col\u00b7lectiu<\/span>\n<strong>Descripci\u00f3 del marc legal de l\u2019acomiadament individual<\/strong>\n<ul>\n<li>Causes de l\u2019acomiadament: objectiu, disciplinari, entre d\u2019altres<\/li>\n<li>Procediment de l\u2019acomiadament: el preav\u00eds<\/li>\n<li>La extinci\u00f3 de contracte per dimissi\u00f3 de la persona treballadora: caracter\u00edstiques i procediment<\/li>\n<li>La extinci\u00f3 de contracte per modificaci\u00f3 substancial de les condicions de treball o mobilitat geogr\u00e0fica<\/li>\n<li>Marc processal de resoluci\u00f3 del conflicte per causa d\u2019acomiadament improcedent<\/li>\n<\/ul>\n\n<strong>Classificaci\u00f3 de les caracter\u00edstiques de l\u2019acomiadament col\u00b7lectiu<\/strong>\n<ul>\n<li>Marc legal de l\u2019acomiadament col\u00b7lectiu<\/li>\n<li>Causes que justifiquen l\u2019acomiadament col\u00b7lectiu<\/li>\n<li>EROs i ERTEs: caracter\u00edstiques i difer\u00e8ncies entre acomiadament col\u00b7lectiu i acomiadament col\u00b7lectiu temporal<\/li>\n<li>Procediment negociador de l\u2019acomiadament col\u00b7lectiu<\/li>\n<li>Compet\u00e8ncies d\u2019Inspecci\u00f3 de Treball als acomiadaments col\u00b7lectius<\/li>\n<li>Efectes de l\u2019acomiadament col\u00b7lectiu a les prestacions socials<\/li>\n<li>Resoluci\u00f3 de conflictes per acomiadament col\u00b7lectiu<\/li>\n<li>Jurisprud\u00e8ncia sobre acomiadaments col\u00b7lectius<\/li>\n<\/ul>\n\n<strong>Habilitats de gesti\u00f3, personals i socials<\/strong>\n<ul>\n<li>Preocupaci\u00f3 per con\u00e8ixer les conseq\u00fc\u00e8ncies dels acomiadaments, especialment en persones de col\u00b7lectius vulnerables (migrants, persones de mitjana edat, dones, etc.)<\/li>\n<li>Defensa dels drets de les persones afectades per un acomiadament<\/li>\n<\/ul>\n","_objectius":"<span style=\"color:#c1002b\"><strong>Objectiu general<\/strong><\/span>\nDescriure els principals \u00e0mbits jur\u00eddics laborals i els seus punts m\u00e9s crucials, per a la posterior tasca d'assessorament.\n\n<span style=\"color:#c1002b\">Objectius espec\u00edfics<\/span>\n<ul>\n<li>Identificar les fonts del dret laboral.<\/li>\n\n<li>Descriure les institucions jur\u00eddiques laborals b\u00e0siques.<\/li>\n\n<li>Classificar els diferents tipus de representaci\u00f3 de les persones treballadores que hi poden haver en una empresa.<\/li>\n\n<li>Relacionar les caracter\u00edstiques, les causes i els requisits propis d'un acomiadament.<\/li>\n<\/ul>","_requisits":"<span style=\"color:#c1002b\">Requisits dels alumnes<\/span>\n<ul>\n<li><strong>Estudis (Acreditacions\/Titulacions)<\/strong>\n  <ul>\n    <li>T\u00edtol de Batxillerat o equivalent<\/li>\n    <li>T\u00edtol de T\u00e8cnic Superior (FP Grau Superior) o equivalent<\/li>\n    <li>Haver superat la prova d'acc\u00e9s a Cicles Formatius de Grau Superior<\/li>\n    <li>Haver superat qualsevol prova oficial d'acc\u00e9s a la Universitat<\/li>\n    <li>Certificat de professionalitat de nivell 3 de la mateixa fam\u00edlia i \u00e0rea professional<\/li>\n    <li>T\u00edtol de Grau o equivalent<\/li>\n    <li>T\u00edtol de Postgrau (M\u00e0ster) o equivalent<\/li>\n  <\/ul>\n<\/li>\n\n<li><strong>Experi\u00e8ncia professional<\/strong>\n  <ul>\n    <li>No es requereix<\/li>\n  <\/ul>\n<\/li>\n\n<li><strong>Altres requisits<\/strong>\n  <ul>\n    <li>Quan l'aspirant no disposi del nivell acad\u00e8mic m\u00ednim o de l'experi\u00e8ncia professional, ha de demostrar coneixements i compet\u00e8ncies suficients mitjan\u00e7ant una <a href=\"https:\/\/forms.gle\/r3mDDaFpx98re8s2A\">prova d'acc\u00e9s<\/a><\/li>\n    <li>En modalitat de teleformaci\u00f3, tenir les destreses suficients per ser usuari de la plataforma virtual<\/li>\n  <\/ul>\n<\/li>\n<\/ul>\n\nEl curs est\u00e0 dirigit a tots els alumnes interessats en el tema personal o professionalment.\n\n<ul>\n<li>Persones que cotitzen per R\u00e8gim General o Aut\u00f2nom.<\/li>\n<li>Persones en situaci\u00f3 d'atur: Aquest col\u00b7lectiu t\u00e9 l'acc\u00e9s limitat a aquest Pla de Formaci\u00f3, per la qual cosa no tindran garantida la seva pla\u00e7a fins que portin la documentaci\u00f3 presencialment al Centre de Formaci\u00f3 i es comprovi que no s'excedeix la limitaci\u00f3 estipulada pel Reial decret 694\/2017.<\/li>\n<li>Els treballadors de l'Administraci\u00f3 P\u00fablica no poden accedir a aquest Pla de Formaci\u00f3 Sectorial.<\/li>\n<\/ul>","_materials":"Motxilla, bol\u00edgraf, llibreta","_resp_name":"Pilar Sanchez Serrano","_resp_email":null,"_certificado":"0","_adaptado":"1","_modality_id":"1","_training_area_id":"11","_custom_code":null,"_group":"1","_closed":"0","_full":"1","_num_sessions":null,"_visible_on_web":"1","_wpml_trid":"1102","_wpml_lang":"ca"},"class_list":["post-1213","curso_foment","type-curso_foment","status-publish","hentry"],"yoast_head":"<!-- This site is optimized with the Yoast SEO plugin v27.2 - https:\/\/yoast.com\/product\/yoast-seo-wordpress\/ -->\n<title>Especialitzaci\u00f3 dret laboral -<\/title>\n<meta name=\"robots\" content=\"noindex, follow, max-snippet:-1, max-image-preview:large, max-video-preview:-1\" \/>\n<meta property=\"og:locale\" content=\"ca_ES\" \/>\n<meta property=\"og:type\" content=\"article\" \/>\n<meta property=\"og:title\" content=\"Especialitzaci\u00f3 dret laboral -\" \/>\n<meta property=\"og:url\" content=\"https:\/\/foment.teamdesarrollo.com\/ca\/formacio\/especialitzacio-dret-laboral\/\" \/>\n<meta property=\"article:modified_time\" content=\"2026-04-29T07:59:05+00:00\" \/>\n<meta name=\"twitter:card\" content=\"summary_large_image\" \/>\n<script type=\"application\/ld+json\" class=\"yoast-schema-graph\">{\"@context\":\"https:\/\/schema.org\",\"@graph\":[{\"@type\":\"WebPage\",\"@id\":\"https:\/\/foment.teamdesarrollo.com\/ca\/formacio\/especialitzacio-dret-laboral\/\",\"url\":\"https:\/\/foment.teamdesarrollo.com\/ca\/formacio\/especialitzacio-dret-laboral\/\",\"name\":\"Especialitzaci\u00f3 dret laboral -\",\"isPartOf\":{\"@id\":\"https:\/\/foment.teamdesarrollo.com\/ca\/#website\"},\"datePublished\":\"2026-04-17T07:55:10+00:00\",\"dateModified\":\"2026-04-29T07:59:05+00:00\",\"breadcrumb\":{\"@id\":\"https:\/\/foment.teamdesarrollo.com\/ca\/formacio\/especialitzacio-dret-laboral\/#breadcrumb\"},\"inLanguage\":\"ca\",\"potentialAction\":[{\"@type\":\"ReadAction\",\"target\":[\"https:\/\/foment.teamdesarrollo.com\/ca\/formacio\/especialitzacio-dret-laboral\/\"]}]},{\"@type\":\"BreadcrumbList\",\"@id\":\"https:\/\/foment.teamdesarrollo.com\/ca\/formacio\/especialitzacio-dret-laboral\/#breadcrumb\",\"itemListElement\":[{\"@type\":\"ListItem\",\"position\":1,\"name\":\"Portada\",\"item\":\"https:\/\/foment.teamdesarrollo.com\/ca\/\"},{\"@type\":\"ListItem\",\"position\":2,\"name\":\"Cursos\",\"item\":\"https:\/\/foment.teamdesarrollo.com\/ca\/formacio\/\"},{\"@type\":\"ListItem\",\"position\":3,\"name\":\"Especialitzaci\u00f3 dret laboral\"}]},{\"@type\":\"WebSite\",\"@id\":\"https:\/\/foment.teamdesarrollo.com\/ca\/#website\",\"url\":\"https:\/\/foment.teamdesarrollo.com\/ca\/\",\"name\":\"\",\"description\":\"\",\"potentialAction\":[{\"@type\":\"SearchAction\",\"target\":{\"@type\":\"EntryPoint\",\"urlTemplate\":\"https:\/\/foment.teamdesarrollo.com\/ca\/?s={search_term_string}\"},\"query-input\":{\"@type\":\"PropertyValueSpecification\",\"valueRequired\":true,\"valueName\":\"search_term_string\"}}],\"inLanguage\":\"ca\"}]}<\/script>\n<!-- \/ Yoast SEO plugin. -->","yoast_head_json":{"title":"Especialitzaci\u00f3 dret laboral -","robots":{"index":"noindex","follow":"follow","max-snippet":"max-snippet:-1","max-image-preview":"max-image-preview:large","max-video-preview":"max-video-preview:-1"},"og_locale":"ca_ES","og_type":"article","og_title":"Especialitzaci\u00f3 dret laboral -","og_url":"https:\/\/foment.teamdesarrollo.com\/ca\/formacio\/especialitzacio-dret-laboral\/","article_modified_time":"2026-04-29T07:59:05+00:00","twitter_card":"summary_large_image","schema":{"@context":"https:\/\/schema.org","@graph":[{"@type":"WebPage","@id":"https:\/\/foment.teamdesarrollo.com\/ca\/formacio\/especialitzacio-dret-laboral\/","url":"https:\/\/foment.teamdesarrollo.com\/ca\/formacio\/especialitzacio-dret-laboral\/","name":"Especialitzaci\u00f3 dret laboral -","isPartOf":{"@id":"https:\/\/foment.teamdesarrollo.com\/ca\/#website"},"datePublished":"2026-04-17T07:55:10+00:00","dateModified":"2026-04-29T07:59:05+00:00","breadcrumb":{"@id":"https:\/\/foment.teamdesarrollo.com\/ca\/formacio\/especialitzacio-dret-laboral\/#breadcrumb"},"inLanguage":"ca","potentialAction":[{"@type":"ReadAction","target":["https:\/\/foment.teamdesarrollo.com\/ca\/formacio\/especialitzacio-dret-laboral\/"]}]},{"@type":"BreadcrumbList","@id":"https:\/\/foment.teamdesarrollo.com\/ca\/formacio\/especialitzacio-dret-laboral\/#breadcrumb","itemListElement":[{"@type":"ListItem","position":1,"name":"Portada","item":"https:\/\/foment.teamdesarrollo.com\/ca\/"},{"@type":"ListItem","position":2,"name":"Cursos","item":"https:\/\/foment.teamdesarrollo.com\/ca\/formacio\/"},{"@type":"ListItem","position":3,"name":"Especialitzaci\u00f3 dret laboral"}]},{"@type":"WebSite","@id":"https:\/\/foment.teamdesarrollo.com\/ca\/#website","url":"https:\/\/foment.teamdesarrollo.com\/ca\/","name":"","description":"","potentialAction":[{"@type":"SearchAction","target":{"@type":"EntryPoint","urlTemplate":"https:\/\/foment.teamdesarrollo.com\/ca\/?s={search_term_string}"},"query-input":{"@type":"PropertyValueSpecification","valueRequired":true,"valueName":"search_term_string"}}],"inLanguage":"ca"}]}},"_links":{"self":[{"href":"https:\/\/foment.teamdesarrollo.com\/ca\/wp-json\/wp\/v2\/curso_foment\/1213","targetHints":{"allow":["GET"]}}],"collection":[{"href":"https:\/\/foment.teamdesarrollo.com\/ca\/wp-json\/wp\/v2\/curso_foment"}],"about":[{"href":"https:\/\/foment.teamdesarrollo.com\/ca\/wp-json\/wp\/v2\/types\/curso_foment"}],"wp:attachment":[{"href":"https:\/\/foment.teamdesarrollo.com\/ca\/wp-json\/wp\/v2\/media?parent=1213"}],"curies":[{"name":"wp","href":"https:\/\/api.w.org\/{rel}","templated":true}]}}