{"id":1197,"date":"2026-04-17T07:55:06","date_gmt":"2026-04-17T07:55:06","guid":{"rendered":"https:\/\/reverent-almeida.91-213-46-106.plesk.page\/curso\/nomines-i-seguretat-social-ii\/"},"modified":"2026-04-29T07:59:03","modified_gmt":"2026-04-29T07:59:03","slug":"nomines-i-seguretat-social-ii","status":"publish","type":"curso_foment","link":"https:\/\/foment.teamdesarrollo.com\/ca\/formacio\/nomines-i-seguretat-social-ii\/","title":{"rendered":"N\u00f2mines i Seguretat Social II"},"featured_media":0,"template":"","meta":{"_doceos_id":"17137","_start_date":"2026-04-06T22:00:00.000000Z","_end_date":"2026-05-06T22:00:00.000000Z","_available_seats":"2","_seats":"22","_lang_code":"ca","_tt_days_mask":"0101000","_tt_pm_start":"18:00:00","_tt_pm_end":"21:00:00","_timetable_desc":"Tuesday and Thursday from 18:00 to 21:00","_horario_tipo":"Tarde","_presence_hours":"30","_teletraining_hours":"0","_distance_hours":"0","_syllabus":"M\u00f2dul 1 \u00b7 L'empresa i l'Administraci\u00f3\n  - Relaci\u00f3 de l'empresa amb l'Administraci\u00f3\n\nM\u00f2dul 2 \u00b7 Gesti\u00f3 avan\u00e7ada de n\u00f2mines\n  - Confecci\u00f3 de n\u00f2mines amb suposats avan\u00e7ats\n\nM\u00f2dul 3 \u00b7 Prestacions de la Seguretat Social\n  - An\u00e0lisi de les prestacions del sistema de la Seguretat Social\n\nM\u00f2dul 4 \u00b7 Extinci\u00f3 de la relaci\u00f3 laboral\n  - Descripci\u00f3 de l'extinci\u00f3 de la relaci\u00f3 laboral\n\nM\u00f2dul 5 \u00b7 Aplicacions inform\u00e0tiques per a la gesti\u00f3 del personal\n  - An\u00e0lisi d'aplicacions inform\u00e0tiques per a la gesti\u00f3 del personal","_contingut":"<span style=\"color:#c1002b\">Contingut del curs<\/span>\n\n<span style=\"color:#c1002b\">M\u00f2dul 1 \u00b7 L'empresa i l'Administraci\u00f3<\/span>\n<strong>Relaci\u00f3 de l'empresa amb l'Administraci\u00f3<\/strong>\n<ul>\n<li>Relaci\u00f3 entre l'empresa i la Seguretat Social.<\/li>\n<li>R\u00e8gim general de la Seguretat Social.<\/li>\n<li>R\u00e8gim especial de les persones treballadores per compte propi.<\/li>\n<li>Inscripci\u00f3 de l'empresa a la Seguretat Social.<\/li>\n<li>Diferenciaci\u00f3 entre M\u00fatues d'AT i MP.<\/li>\n<li>Definici\u00f3 del calendari laboral.<\/li>\n<\/ul>\n\n<span style=\"color:#c1002b\">M\u00f2dul 2 \u00b7 Gesti\u00f3 avan\u00e7ada de n\u00f2mines<\/span>\n<strong>Confecci\u00f3 de n\u00f2mines amb suposats avan\u00e7ats<\/strong>\n<ul>\n<li>Hores extres est\u00e0ndard i per for\u00e7a major.<\/li>\n<li>Incapacitat Temporal derivada de conting\u00e8ncies comunes.<\/li>\n<li>Incapacitat Temporal derivada de conting\u00e8ncies professionals.<\/li>\n<li>Retribucions en esp\u00e8cies.<\/li>\n<li>Retribuci\u00f3 flexible.<\/li>\n<li>N\u00f2mines a temps parcial.<\/li>\n<\/ul>\n\n<span style=\"color:#c1002b\">M\u00f2dul 3 \u00b7 Prestacions de la Seguretat Social<\/span>\n<strong>An\u00e0lisi de les prestacions del sistema de la Seguretat Social<\/strong>\n<ul>\n<li>Malaltia Comuna.<\/li>\n<li>Accident no laboral.<\/li>\n<li>Accident de Treball.<\/li>\n<li>Malaltia Professional.<\/li>\n<li>Accident in itinere.<\/li>\n<li>Altres sup\u00f2sits.<\/li>\n<\/ul>\n\n<span style=\"color:#c1002b\">M\u00f2dul 4 \u00b7 Extinci\u00f3 de la relaci\u00f3 laboral<\/span>\n<strong>Descripci\u00f3 de l'extinci\u00f3 de la relaci\u00f3 laboral<\/strong>\n<ul>\n<li>Tipus d'extincions de la relaci\u00f3 laboral.<\/li>\n<li>Efectes dels diferents tipus de relaci\u00f3 laboral.<\/li>\n<li>Indemnitzacions per acomiadament i fi de contracte.<\/li>\n<li>Gesti\u00f3 de liquidacions de saldo i liquidaci\u00f3.<\/li>\n<li>Vacances, indemnitzacions, manca de preav\u00eds, pagues extres.<\/li>\n<\/ul>\n\n<span style=\"color:#c1002b\">M\u00f2dul 5 \u00b7 Aplicacions inform\u00e0tiques per a la gesti\u00f3 del personal<\/span>\n<strong>An\u00e0lisi d'aplicacions inform\u00e0tiques per a la gesti\u00f3 del personal<\/strong>\n<ul>\n<li>Programes de gesti\u00f3 laboral.<\/li>\n<li>Aplicabilitat del programa a la gesti\u00f3 laboral.<\/li>\n<\/ul>","_objectius":"<span style=\"color:#c1002b\"><strong>Objectiu general<\/strong><\/span>\nConfeccionar n\u00f2mines amb sup\u00f2sits avan\u00e7ats i identificar els tipus de prestacions a la Seguretat Social, els tipus d'extincions del contracte i les liquidacions, aix\u00ed com el paper de l'Administraci\u00f3 i altres organismes en la gesti\u00f3 laboral de l'empresa.\n\n<span style=\"color:#c1002b\">Objectius espec\u00edfics<\/span>\n<ul>\n<li>Analitzar la relaci\u00f3 de l'empresa amb l'Administraci\u00f3 i altres organismes per a la gesti\u00f3 de les n\u00f2mines i la Seguretat Social.<\/li>\n\n<li>Confeccionar n\u00f2mines tenint en compte variables i sup\u00f2sits avan\u00e7ats.<\/li>\n\n<li>Identificar les diferents prestacions de la Seguretat Social que poden afectar la n\u00f2mina.<\/li>\n\n<li>Identificar els diferents tipus d'extinci\u00f3 de la relaci\u00f3 laboral i gestionar liquidacions de saldo i liquidaci\u00f3.<\/li>\n\n<li>Identificar les aplicacions inform\u00e0tiques per a la gesti\u00f3 del personal.<\/li>\n<\/ul>","_requisits":"<span style=\"color:#c1002b\">Requisits dels alumnes<\/span>\n<ul>\n<li><strong>Estudis (Acreditacions\/Titulacions)<\/strong>\n  <ul>\n    <li>Certificat de professionalitat nivell 1.<\/li>\n    <li>T\u00edtol Professional B\u00e0sic (FP B\u00e0sica).<\/li>\n    <li>T\u00edtol de Graduat en Educaci\u00f3 Secund\u00e0ria Obligat\u00f2ria (ESO) o equivalent.<\/li>\n    <li>T\u00edtol de T\u00e8cnic (FP Grau Mitj\u00e0) o equivalent.<\/li>\n    <li>Certificat de Professionalitat de nivell 2.<\/li>\n    <li>Haver superat la prova d'acc\u00e9s a cicles formatius de grau mitj\u00e0.<\/li>\n    <li>Haver superat qualsevol prova oficial d'acc\u00e9s a la Universitat.<\/li>\n  <\/ul>\n<\/li>\n\n<li><strong>Experi\u00e8ncia professional<\/strong>\n  <ul>\n    <li>No es requereix.<\/li>\n  <\/ul>\n<\/li>\n\n<li><strong>Altres requisits<\/strong>\n  <ul>\n    <li>Quan l'aspirant no disposi del nivell acad\u00e8mic m\u00ednim o de l'experi\u00e8ncia professional, demostrar\u00e0 coneixements i compet\u00e8ncies suficients per participar en el curs amb aprofitament mitjan\u00e7ant una <a href=\"https:\/\/forms.gle\/gi3c3eUmeTXawStcA\">prova d'acc\u00e9s.<\/a><\/li>\n    <li>Per a la modalitat de teleformaci\u00f3, l'alumnat ha de tenir les destreses suficients per a ser usuaris de la plataforma virtual en la qual es recolza l'acci\u00f3 formativa.<\/li>\n  <\/ul>\n<\/li>\n<\/ul>\nEl curs est\u00e0 dirigit a tots els alumnes interessats en el tema personal o professionalment.\n<ul> \n<li>Personas que cotizan por R\u00e9gimen General o Aut\u00f3nomos.<\/li> \n<li>Personas en situaci\u00f3n de desempleo: Este colectivo tiene el acceso limitado a este Plan de Formaci\u00f3n, por lo que no tendr\u00e1n garantizada su plaza hasta que entreguen la documentaci\u00f3n presencialmente en el Centro de Formaci\u00f3n y se compruebe que no se excede la limitaci\u00f3n estipulada por el Real Decreto 694\/2017.<\/li> \n<li>Los trabajadores de la Administraci\u00f3n P\u00fablica no pueden acceder a este Plan de Formaci\u00f3n Sectorial.<\/li> \n<\/ul>","_materials":null,"_resp_name":"Pilar Sanchez Serrano","_resp_email":null,"_certificado":"0","_adaptado":"1","_modality_id":"1","_training_area_id":"11","_custom_code":null,"_group":"1","_closed":"0","_full":"0","_num_sessions":null,"_visible_on_web":"1","_wpml_trid":"1094","_wpml_lang":"ca"},"class_list":["post-1197","curso_foment","type-curso_foment","status-publish","hentry"],"yoast_head":"<!-- This site is optimized with the Yoast SEO plugin v27.2 - https:\/\/yoast.com\/product\/yoast-seo-wordpress\/ -->\n<title>N\u00f2mines i Seguretat Social II -<\/title>\n<meta name=\"robots\" content=\"noindex, follow, max-snippet:-1, max-image-preview:large, max-video-preview:-1\" \/>\n<meta property=\"og:locale\" content=\"ca_ES\" \/>\n<meta property=\"og:type\" content=\"article\" \/>\n<meta property=\"og:title\" content=\"N\u00f2mines i Seguretat Social II -\" \/>\n<meta property=\"og:url\" content=\"https:\/\/foment.teamdesarrollo.com\/ca\/formacio\/nomines-i-seguretat-social-ii\/\" \/>\n<meta property=\"article:modified_time\" content=\"2026-04-29T07:59:03+00:00\" \/>\n<meta name=\"twitter:card\" content=\"summary_large_image\" \/>\n<script type=\"application\/ld+json\" class=\"yoast-schema-graph\">{\"@context\":\"https:\/\/schema.org\",\"@graph\":[{\"@type\":\"WebPage\",\"@id\":\"https:\/\/foment.teamdesarrollo.com\/ca\/formacio\/nomines-i-seguretat-social-ii\/\",\"url\":\"https:\/\/foment.teamdesarrollo.com\/ca\/formacio\/nomines-i-seguretat-social-ii\/\",\"name\":\"N\u00f2mines i Seguretat Social II -\",\"isPartOf\":{\"@id\":\"https:\/\/foment.teamdesarrollo.com\/ca\/#website\"},\"datePublished\":\"2026-04-17T07:55:06+00:00\",\"dateModified\":\"2026-04-29T07:59:03+00:00\",\"breadcrumb\":{\"@id\":\"https:\/\/foment.teamdesarrollo.com\/ca\/formacio\/nomines-i-seguretat-social-ii\/#breadcrumb\"},\"inLanguage\":\"ca\",\"potentialAction\":[{\"@type\":\"ReadAction\",\"target\":[\"https:\/\/foment.teamdesarrollo.com\/ca\/formacio\/nomines-i-seguretat-social-ii\/\"]}]},{\"@type\":\"BreadcrumbList\",\"@id\":\"https:\/\/foment.teamdesarrollo.com\/ca\/formacio\/nomines-i-seguretat-social-ii\/#breadcrumb\",\"itemListElement\":[{\"@type\":\"ListItem\",\"position\":1,\"name\":\"Portada\",\"item\":\"https:\/\/foment.teamdesarrollo.com\/ca\/\"},{\"@type\":\"ListItem\",\"position\":2,\"name\":\"Cursos\",\"item\":\"https:\/\/foment.teamdesarrollo.com\/ca\/formacio\/\"},{\"@type\":\"ListItem\",\"position\":3,\"name\":\"N\u00f2mines i Seguretat Social II\"}]},{\"@type\":\"WebSite\",\"@id\":\"https:\/\/foment.teamdesarrollo.com\/ca\/#website\",\"url\":\"https:\/\/foment.teamdesarrollo.com\/ca\/\",\"name\":\"\",\"description\":\"\",\"potentialAction\":[{\"@type\":\"SearchAction\",\"target\":{\"@type\":\"EntryPoint\",\"urlTemplate\":\"https:\/\/foment.teamdesarrollo.com\/ca\/?s={search_term_string}\"},\"query-input\":{\"@type\":\"PropertyValueSpecification\",\"valueRequired\":true,\"valueName\":\"search_term_string\"}}],\"inLanguage\":\"ca\"}]}<\/script>\n<!-- \/ Yoast SEO plugin. -->","yoast_head_json":{"title":"N\u00f2mines i Seguretat Social II -","robots":{"index":"noindex","follow":"follow","max-snippet":"max-snippet:-1","max-image-preview":"max-image-preview:large","max-video-preview":"max-video-preview:-1"},"og_locale":"ca_ES","og_type":"article","og_title":"N\u00f2mines i Seguretat Social II -","og_url":"https:\/\/foment.teamdesarrollo.com\/ca\/formacio\/nomines-i-seguretat-social-ii\/","article_modified_time":"2026-04-29T07:59:03+00:00","twitter_card":"summary_large_image","schema":{"@context":"https:\/\/schema.org","@graph":[{"@type":"WebPage","@id":"https:\/\/foment.teamdesarrollo.com\/ca\/formacio\/nomines-i-seguretat-social-ii\/","url":"https:\/\/foment.teamdesarrollo.com\/ca\/formacio\/nomines-i-seguretat-social-ii\/","name":"N\u00f2mines i Seguretat Social II -","isPartOf":{"@id":"https:\/\/foment.teamdesarrollo.com\/ca\/#website"},"datePublished":"2026-04-17T07:55:06+00:00","dateModified":"2026-04-29T07:59:03+00:00","breadcrumb":{"@id":"https:\/\/foment.teamdesarrollo.com\/ca\/formacio\/nomines-i-seguretat-social-ii\/#breadcrumb"},"inLanguage":"ca","potentialAction":[{"@type":"ReadAction","target":["https:\/\/foment.teamdesarrollo.com\/ca\/formacio\/nomines-i-seguretat-social-ii\/"]}]},{"@type":"BreadcrumbList","@id":"https:\/\/foment.teamdesarrollo.com\/ca\/formacio\/nomines-i-seguretat-social-ii\/#breadcrumb","itemListElement":[{"@type":"ListItem","position":1,"name":"Portada","item":"https:\/\/foment.teamdesarrollo.com\/ca\/"},{"@type":"ListItem","position":2,"name":"Cursos","item":"https:\/\/foment.teamdesarrollo.com\/ca\/formacio\/"},{"@type":"ListItem","position":3,"name":"N\u00f2mines i Seguretat Social II"}]},{"@type":"WebSite","@id":"https:\/\/foment.teamdesarrollo.com\/ca\/#website","url":"https:\/\/foment.teamdesarrollo.com\/ca\/","name":"","description":"","potentialAction":[{"@type":"SearchAction","target":{"@type":"EntryPoint","urlTemplate":"https:\/\/foment.teamdesarrollo.com\/ca\/?s={search_term_string}"},"query-input":{"@type":"PropertyValueSpecification","valueRequired":true,"valueName":"search_term_string"}}],"inLanguage":"ca"}]}},"_links":{"self":[{"href":"https:\/\/foment.teamdesarrollo.com\/ca\/wp-json\/wp\/v2\/curso_foment\/1197","targetHints":{"allow":["GET"]}}],"collection":[{"href":"https:\/\/foment.teamdesarrollo.com\/ca\/wp-json\/wp\/v2\/curso_foment"}],"about":[{"href":"https:\/\/foment.teamdesarrollo.com\/ca\/wp-json\/wp\/v2\/types\/curso_foment"}],"wp:attachment":[{"href":"https:\/\/foment.teamdesarrollo.com\/ca\/wp-json\/wp\/v2\/media?parent=1197"}],"curies":[{"name":"wp","href":"https:\/\/api.w.org\/{rel}","templated":true}]}}