{"id":1157,"date":"2026-04-17T07:54:57","date_gmt":"2026-04-17T07:54:57","guid":{"rendered":"https:\/\/reverent-almeida.91-213-46-106.plesk.page\/curso\/gestio-i-processament-de-dades-amb-microsoft-excel-365-apps-nivell-superior-mo-211\/"},"modified":"2026-04-29T07:58:58","modified_gmt":"2026-04-29T07:58:58","slug":"gestio-i-processament-de-dades-amb-microsoft-excel-365-apps-nivell-superior-mo-211","status":"publish","type":"curso_foment","link":"https:\/\/foment.teamdesarrollo.com\/ca\/formacio\/gestio-i-processament-de-dades-amb-microsoft-excel-365-apps-nivell-superior-mo-211\/","title":{"rendered":"Gesti\u00f3 i processament de dades amb Microsoft Excel 365 Apps &#8211; Nivell superior \u2013 MO-211"},"featured_media":0,"template":"","meta":{"_doceos_id":"17104","_start_date":"2026-04-23T22:00:00.000000Z","_end_date":"2026-06-19T22:00:00.000000Z","_available_seats":"1","_seats":"25","_lang_code":"ca","_tt_days_mask":"0000100","_tt_pm_start":"18:00:00","_tt_pm_end":"21:00:00","_timetable_desc":"Friday from 18:00 to 21:00, Saturday from 10:00 to 13:00","_horario_tipo":"Horario fin de semana","_presence_hours":"45","_teletraining_hours":"0","_distance_hours":"0","_syllabus":"M\u00f2dul 1 \u00b7 Gesti\u00f3 de llibres de treball\n  - Gesti\u00f3 de llibres de treball i preparaci\u00f3 per a la col\u00b7laboraci\u00f3\n  - Integraci\u00f3 de funcionalitats avan\u00e7ades entre llibres\n  - Aplicaci\u00f3 de proteccions i seguretat en entorns compartits\n  - Habilitats de gesti\u00f3, personals i socials\n\nM\u00f2dul 2 \u00b7 Manipulaci\u00f3 i an\u00e0lisi de dades\n  - Aplicaci\u00f3 de t\u00e8cniques de manipulaci\u00f3 de dades\n  - Gesti\u00f3 del format condicional avan\u00e7at\n  - Supervisi\u00f3 i verificaci\u00f3 de f\u00f3rmules\n  - Habilitats de gesti\u00f3, personals i socials\n\nM\u00f2dul 3 \u00b7 Execuci\u00f3 de funcions avan\u00e7ades i gr\u00e0fics din\u00e0mics\n  - Aplicaci\u00f3 de funcions per al c\u00e0lcul avan\u00e7at\n  - Tractament de dades amb funcions de resum i filtratge\n  - Creaci\u00f3 i personalitzaci\u00f3 de gr\u00e0fics i taules din\u00e0miques\n  - Habilitats de gesti\u00f3, personals i socials","_contingut":"<span style=\"color:#c1002b\">M\u00f2dul 1 \u00b7 Gesti\u00f3 de llibres de treball<\/span>\n<strong>Gesti\u00f3 de llibres de treball i preparaci\u00f3 per a la col\u00b7laboraci\u00f3<\/strong>\n<ul>\n<li>Transcripci\u00f3 de macros entre llibres<\/li>\n<li>Habilitaci\u00f3 de macros en un treball<\/li>\n<\/ul>\n\n<strong>Integraci\u00f3 de funcionalitats avan\u00e7ades entre llibres<\/strong>\n<ul>\n<li>Referenciaci\u00f3 de dades en altres llibres de treball<\/li>\n<li>Gesti\u00f3 de versions en un llibre de treball<\/li>\n<\/ul>\n\n<strong>Aplicaci\u00f3 de proteccions i seguretat en entorns compartits<\/strong>\n<ul>\n<li>Restricci\u00f3 de l'edici\u00f3<\/li>\n<li>Protecci\u00f3 de fulls de c\u00e0lculs i rangs de cel\u00b7les<\/li>\n<li>Protecci\u00f3 de l'estructura del llibre de treball<\/li>\n<li>Configuraci\u00f3 d'opcions de c\u00e0lcul de f\u00f3rmules<\/li>\n<\/ul>\n\n<strong>Habilitats de gesti\u00f3, personals i socials<\/strong>\n<ul>\n<li>Sensibilitzaci\u00f3 respecte en la restricci\u00f3 d'edici\u00f3 i protecci\u00f3 d'informaci\u00f3 confidencial.<\/li>\n<li>Inter\u00e8s per les opcions de c\u00e0lcul i f\u00f3rmules per a una millor efici\u00e8ncia.<\/li>\n<li>Valoraci\u00f3 de la seguretat de les dades mitjan\u00e7ant la protecci\u00f3 de fulls i rangs.<\/li>\n<li>Predisposici\u00f3 per aplicar la configuraci\u00f3 de macros per millorar el flux de treball.<\/li>\n<\/ul>\n\n<span style=\"color:#c1002b\">M\u00f2dul 2 \u00b7 Manipulaci\u00f3 i an\u00e0lisi de dades<\/span>\n<strong>Aplicaci\u00f3 de t\u00e8cniques de manipulaci\u00f3 de dades<\/strong>\n<ul>\n<li>Emplenament r\u00e0pid de cel\u00b7les.<\/li>\n<li>Emplenament de s\u00e8ries amb opcions avan\u00e7ades.<\/li>\n<li>Generaci\u00f3 autom\u00e0tica de valors amb RANDARRAY().<\/li>\n<li>Creaci\u00f3 de formats de nombre personalitzats.<\/li>\n<li>Configuraci\u00f3 de validaci\u00f3 de dades.<\/li>\n<li>Agrupaci\u00f3 i desagrupaci\u00f3 de dades.<\/li>\n<li>Inserci\u00f3 de subtotals i totals.<\/li>\n<li>Eliminaci\u00f3 de valors duplicats.<\/li>\n<\/ul>\n\n<strong>Gesti\u00f3 del format condicional avan\u00e7at<\/strong>\n<ul>\n<li>Creaci\u00f3 de regles personalitzades de format condicional.<\/li>\n<li>\u00das de f\u00f3rmules dins del format condicional.<\/li>\n<li>Gesti\u00f3 i edici\u00f3 de regles existents.<\/li>\n<\/ul>\n\n<strong>Supervisi\u00f3 i verificaci\u00f3 de f\u00f3rmules<\/strong>\n<ul>\n<li>Localitzaci\u00f3 de cel\u00b7les amb preced\u00e8ncia i depend\u00e8ncia.<\/li>\n<li>Monitoritzaci\u00f3 de cel\u00b7les amb la finestra d\u2019observaci\u00f3.<\/li>\n<li>Validaci\u00f3 de f\u00f3rmules amb regles d\u2019error.<\/li>\n<li>Avaluaci\u00f3 pas a pas de f\u00f3rmules complexes.<\/li>\n<\/ul>\n\n<strong>Habilitats de gesti\u00f3, personals i socials<\/strong>\n<ul>\n<li>Conscienciaci\u00f3 de la import\u00e0ncia de gestionar les depend\u00e8ncies i la preced\u00e8ncia de les f\u00f3rmules.<\/li>\n<li>Sensibilitzaci\u00f3 davant els errors de f\u00f3rmula i utilitzar regles de verificaci\u00f3 per garantir la precisi\u00f3.<\/li>\n<li>Inter\u00e8s per millorar l'efici\u00e8ncia de les operacions mitjan\u00e7ant la monitoritzaci\u00f3 i avaluaci\u00f3 de f\u00f3rmules.<\/li>\n<\/ul>\n\n<span style=\"color:#c1002b\">M\u00f2dul 3 \u00b7 Execuci\u00f3 de funcions avan\u00e7ades i gr\u00e0fics din\u00e0mics<\/span>\n<strong>Aplicaci\u00f3 de funcions per al c\u00e0lcul avan\u00e7at<\/strong>\n<ul>\n<li>Execuci\u00f3 d\u2019operacions l\u00f2giques amb funcions com IF(), SUMIF(), COUNTIF(), AND(), OR(), etc.<\/li>\n<li>Cerca de dades amb funcions com XLOOKUP(), VLOOKUP(), MATCH(), INDEX().<\/li>\n<li>Gesti\u00f3 de dates i hores amb funcions com NOW(), TODAY(), WEEKDAY(), WORKDAY().<\/li>\n<\/ul>\n\n<strong>Tractament de dades amb funcions de resum i filtratge<\/strong>\n<ul>\n<li>Resum de dades amb funcions com Consolidar.<\/li>\n<li>Aplicaci\u00f3 de funcions com FILTER() i SORTBY() per a la filtraci\u00f3 i ordenaci\u00f3 din\u00e0mica.<\/li>\n<\/ul>\n\n<strong>Creaci\u00f3 i personalitzaci\u00f3 de gr\u00e0fics i taules din\u00e0miques<\/strong>\n<ul>\n<li>Disseny i edici\u00f3 de gr\u00e0fics avan\u00e7ats: doble eix, combinats, histogrames, gr\u00e0fics din\u00e0mics.<\/li>\n<li>Creaci\u00f3 i personalitzaci\u00f3 de taules din\u00e0miques.<\/li>\n<li>Gesti\u00f3 de camps calculats i aplicaci\u00f3 de segmentadors a taules din\u00e0miques.<\/li>\n<\/ul>\n\n<strong>Habilitats de gesti\u00f3, personals i socials<\/strong>\n<ul>\n<li>Conscienciaci\u00f3 de la necessitat de gestionar camps calculats i segmentacions per a una presentaci\u00f3 m\u00e9s detallada.<\/li>\n<li>Col\u00b7laboraci\u00f3 en la creaci\u00f3 i personalitzaci\u00f3 de gr\u00e0fics i Taules Din\u00e0miques per a una millor visualitzaci\u00f3 de dades.<\/li>\n<\/ul>","_objectius":"<span style=\"color:#c1002b\"><strong>Objectiu general<\/strong><\/span>\nGestionar i analitzar dades amb Microsoft Excel 365 utilitzant funcions avan\u00e7ades, taules din\u00e0miques i macros, afavorint el treball col\u00b7laboratiu i l\u2019\u00fas d\u2019eines en el n\u00favol.\n\n<span style=\"color:#c1002b\">Objectius espec\u00edfics<\/span>\n<ul> \n<li>Gestionar llibres de treball en entorns col\u00b7laboratius amb Excel 365, aprofitant les funcionalitats del n\u00favol per compartir, protegir i mantenir la integritat dels documents.<\/li>\n\n<li>Aplicar t\u00e8cniques avan\u00e7ades per manipular i analitzar dades amb precisi\u00f3 i efici\u00e8ncia a Excel 365.<\/li>\n\n<li>Aplicar funcions avan\u00e7ades i visualitzacions din\u00e0miques per analitzar dades amb precisi\u00f3 a Excel 365.<\/li>\n<\/ul>","_requisits":"<span style=\"color:#c1002b\">Requisits dels alumnes<\/span>\n<ul>\n<li><strong>Estudis (Acreditacions\/Titulacions)<\/strong>\n  <ul>\n    <li>T\u00edtol de Graduat en Educaci\u00f3 Secund\u00e0ria Obligat\u00f2ria (ESO) o equivalent<\/li>\n    <li>Certificat professional de nivell 1 o 2<\/li>\n    <li>T\u00edtol Professional B\u00e0sic (FP B\u00e0sica)<\/li>\n    <li>T\u00edtol de T\u00e8cnic (FP Grau Mig) o equivalent<\/li>\n    <li>Haver superat la prova d\u2019acc\u00e9s a Cicles Formatius de Grau Mig o qualsevol prova oficial d'acc\u00e9s a la universitat<\/li>\n    <li>Certificat de compet\u00e8ncia de nivell 1 o 2 de la mateixa fam\u00edlia professional<\/li>\n    <li>Haver superat les proves de compet\u00e8ncia clau de nivell 2<\/li>\n  <\/ul>\n<\/li>\n\n<li><strong>Experi\u00e8ncia professional<\/strong>\n  <ul>\n    <li>Si no es disposa de les titulacions requerides, es podr\u00e0 accedir aportant una experi\u00e8ncia professional acreditable d'almenys 6 mesos en llocs de treball relacionats amb l'especialitat formativa.<\/li>\n  <\/ul>\n<\/li>\n\n<li><strong>Altres requisits<\/strong>\n  <ul>\n    <li>Quan l'aspirant no disposi del nivell acad\u00e8mic m\u00ednim o de l'experi\u00e8ncia professional, demostrar\u00e0 coneixements i compet\u00e8ncies suficients per a participar en el curs amb aprofitament mitjan\u00e7ant una <a href=\"https:\/\/forms.gle\/uUo2hk78yh6WGfmc9\">prova d'acc\u00e9s.<\/a><\/li>\n  <\/ul>\n<\/li>\n<\/ul>\nEl curs est\u00e0 dirigit a tots els alumnes interessats en el tema personal o professionalment.\n<ul>\n \t<li>Persones que cotitzen per R\u00e8gim General o Aut\u00f2nom.<\/li>\n \t<li>Persones en situaci\u00f3 d'atur: Aquest col\u00b7lectiu t\u00e9 l'acc\u00e9s limitat a aquest Pla de Formaci\u00f3, per la qual cosa no tindran garantida la seva pla\u00e7a fins que portin la documentaci\u00f3 presencialment al Centre de Formaci\u00f3 i es comprovi que no s'excedeix la limitaci\u00f3 estipulada per al Reial decret 694\/2017, de 3 de juliol, pel qual es desplega la Llei 30\/2015, de 9 de setembre, per la qual es regula el sistema de formaci\u00f3 professional per a l\u2019ocupaci\u00f3 en l\u2019\u00e0mbit laboral.<\/li>\n<\/ul>","_materials":null,"_resp_name":"Pilar Sanchez Serrano","_resp_email":null,"_certificado":"0","_adaptado":"1","_modality_id":"1","_training_area_id":"1","_custom_code":null,"_group":"2","_closed":"0","_full":"0","_num_sessions":null,"_visible_on_web":"1","_wpml_trid":"1074","_wpml_lang":"ca"},"class_list":["post-1157","curso_foment","type-curso_foment","status-publish","hentry"],"yoast_head":"<!-- This site is optimized with the Yoast SEO plugin v27.2 - https:\/\/yoast.com\/product\/yoast-seo-wordpress\/ -->\n<title>Gesti\u00f3 i processament de dades amb Microsoft Excel 365 Apps - Nivell superior \u2013 MO-211 -<\/title>\n<meta name=\"robots\" content=\"noindex, follow, max-snippet:-1, max-image-preview:large, max-video-preview:-1\" \/>\n<meta property=\"og:locale\" content=\"ca_ES\" \/>\n<meta property=\"og:type\" content=\"article\" \/>\n<meta property=\"og:title\" content=\"Gesti\u00f3 i processament de dades amb Microsoft Excel 365 Apps - Nivell superior \u2013 MO-211 -\" \/>\n<meta property=\"og:url\" content=\"https:\/\/foment.teamdesarrollo.com\/ca\/formacio\/gestio-i-processament-de-dades-amb-microsoft-excel-365-apps-nivell-superior-mo-211\/\" \/>\n<meta property=\"article:modified_time\" content=\"2026-04-29T07:58:58+00:00\" \/>\n<meta name=\"twitter:card\" content=\"summary_large_image\" \/>\n<script type=\"application\/ld+json\" class=\"yoast-schema-graph\">{\"@context\":\"https:\/\/schema.org\",\"@graph\":[{\"@type\":\"WebPage\",\"@id\":\"https:\/\/foment.teamdesarrollo.com\/ca\/formacio\/gestio-i-processament-de-dades-amb-microsoft-excel-365-apps-nivell-superior-mo-211\/\",\"url\":\"https:\/\/foment.teamdesarrollo.com\/ca\/formacio\/gestio-i-processament-de-dades-amb-microsoft-excel-365-apps-nivell-superior-mo-211\/\",\"name\":\"Gesti\u00f3 i processament de dades amb Microsoft Excel 365 Apps - Nivell superior \u2013 MO-211 -\",\"isPartOf\":{\"@id\":\"https:\/\/foment.teamdesarrollo.com\/ca\/#website\"},\"datePublished\":\"2026-04-17T07:54:57+00:00\",\"dateModified\":\"2026-04-29T07:58:58+00:00\",\"breadcrumb\":{\"@id\":\"https:\/\/foment.teamdesarrollo.com\/ca\/formacio\/gestio-i-processament-de-dades-amb-microsoft-excel-365-apps-nivell-superior-mo-211\/#breadcrumb\"},\"inLanguage\":\"ca\",\"potentialAction\":[{\"@type\":\"ReadAction\",\"target\":[\"https:\/\/foment.teamdesarrollo.com\/ca\/formacio\/gestio-i-processament-de-dades-amb-microsoft-excel-365-apps-nivell-superior-mo-211\/\"]}]},{\"@type\":\"BreadcrumbList\",\"@id\":\"https:\/\/foment.teamdesarrollo.com\/ca\/formacio\/gestio-i-processament-de-dades-amb-microsoft-excel-365-apps-nivell-superior-mo-211\/#breadcrumb\",\"itemListElement\":[{\"@type\":\"ListItem\",\"position\":1,\"name\":\"Portada\",\"item\":\"https:\/\/foment.teamdesarrollo.com\/ca\/\"},{\"@type\":\"ListItem\",\"position\":2,\"name\":\"Cursos\",\"item\":\"https:\/\/foment.teamdesarrollo.com\/ca\/formacio\/\"},{\"@type\":\"ListItem\",\"position\":3,\"name\":\"Gesti\u00f3 i processament de dades amb Microsoft Excel 365 Apps &#8211; Nivell superior \u2013 MO-211\"}]},{\"@type\":\"WebSite\",\"@id\":\"https:\/\/foment.teamdesarrollo.com\/ca\/#website\",\"url\":\"https:\/\/foment.teamdesarrollo.com\/ca\/\",\"name\":\"\",\"description\":\"\",\"potentialAction\":[{\"@type\":\"SearchAction\",\"target\":{\"@type\":\"EntryPoint\",\"urlTemplate\":\"https:\/\/foment.teamdesarrollo.com\/ca\/?s={search_term_string}\"},\"query-input\":{\"@type\":\"PropertyValueSpecification\",\"valueRequired\":true,\"valueName\":\"search_term_string\"}}],\"inLanguage\":\"ca\"}]}<\/script>\n<!-- \/ Yoast SEO plugin. -->","yoast_head_json":{"title":"Gesti\u00f3 i processament de dades amb Microsoft Excel 365 Apps - Nivell superior \u2013 MO-211 -","robots":{"index":"noindex","follow":"follow","max-snippet":"max-snippet:-1","max-image-preview":"max-image-preview:large","max-video-preview":"max-video-preview:-1"},"og_locale":"ca_ES","og_type":"article","og_title":"Gesti\u00f3 i processament de dades amb Microsoft Excel 365 Apps - Nivell superior \u2013 MO-211 -","og_url":"https:\/\/foment.teamdesarrollo.com\/ca\/formacio\/gestio-i-processament-de-dades-amb-microsoft-excel-365-apps-nivell-superior-mo-211\/","article_modified_time":"2026-04-29T07:58:58+00:00","twitter_card":"summary_large_image","schema":{"@context":"https:\/\/schema.org","@graph":[{"@type":"WebPage","@id":"https:\/\/foment.teamdesarrollo.com\/ca\/formacio\/gestio-i-processament-de-dades-amb-microsoft-excel-365-apps-nivell-superior-mo-211\/","url":"https:\/\/foment.teamdesarrollo.com\/ca\/formacio\/gestio-i-processament-de-dades-amb-microsoft-excel-365-apps-nivell-superior-mo-211\/","name":"Gesti\u00f3 i processament de dades amb Microsoft Excel 365 Apps - Nivell superior \u2013 MO-211 -","isPartOf":{"@id":"https:\/\/foment.teamdesarrollo.com\/ca\/#website"},"datePublished":"2026-04-17T07:54:57+00:00","dateModified":"2026-04-29T07:58:58+00:00","breadcrumb":{"@id":"https:\/\/foment.teamdesarrollo.com\/ca\/formacio\/gestio-i-processament-de-dades-amb-microsoft-excel-365-apps-nivell-superior-mo-211\/#breadcrumb"},"inLanguage":"ca","potentialAction":[{"@type":"ReadAction","target":["https:\/\/foment.teamdesarrollo.com\/ca\/formacio\/gestio-i-processament-de-dades-amb-microsoft-excel-365-apps-nivell-superior-mo-211\/"]}]},{"@type":"BreadcrumbList","@id":"https:\/\/foment.teamdesarrollo.com\/ca\/formacio\/gestio-i-processament-de-dades-amb-microsoft-excel-365-apps-nivell-superior-mo-211\/#breadcrumb","itemListElement":[{"@type":"ListItem","position":1,"name":"Portada","item":"https:\/\/foment.teamdesarrollo.com\/ca\/"},{"@type":"ListItem","position":2,"name":"Cursos","item":"https:\/\/foment.teamdesarrollo.com\/ca\/formacio\/"},{"@type":"ListItem","position":3,"name":"Gesti\u00f3 i processament de dades amb Microsoft Excel 365 Apps &#8211; Nivell superior \u2013 MO-211"}]},{"@type":"WebSite","@id":"https:\/\/foment.teamdesarrollo.com\/ca\/#website","url":"https:\/\/foment.teamdesarrollo.com\/ca\/","name":"","description":"","potentialAction":[{"@type":"SearchAction","target":{"@type":"EntryPoint","urlTemplate":"https:\/\/foment.teamdesarrollo.com\/ca\/?s={search_term_string}"},"query-input":{"@type":"PropertyValueSpecification","valueRequired":true,"valueName":"search_term_string"}}],"inLanguage":"ca"}]}},"_links":{"self":[{"href":"https:\/\/foment.teamdesarrollo.com\/ca\/wp-json\/wp\/v2\/curso_foment\/1157","targetHints":{"allow":["GET"]}}],"collection":[{"href":"https:\/\/foment.teamdesarrollo.com\/ca\/wp-json\/wp\/v2\/curso_foment"}],"about":[{"href":"https:\/\/foment.teamdesarrollo.com\/ca\/wp-json\/wp\/v2\/types\/curso_foment"}],"wp:attachment":[{"href":"https:\/\/foment.teamdesarrollo.com\/ca\/wp-json\/wp\/v2\/media?parent=1157"}],"curies":[{"name":"wp","href":"https:\/\/api.w.org\/{rel}","templated":true}]}}