{"id":1155,"date":"2026-04-17T07:54:56","date_gmt":"2026-04-17T07:54:56","guid":{"rendered":"https:\/\/reverent-almeida.91-213-46-106.plesk.page\/curso\/gestio-i-processament-de-dades-amb-microsoft-excel-365-apps-nivell-intermedi-mo-210\/"},"modified":"2026-04-17T11:35:54","modified_gmt":"2026-04-17T11:35:54","slug":"gestio-i-processament-de-dades-amb-microsoft-excel-365-apps-nivell-intermedi-mo-210","status":"publish","type":"curso_foment","link":"https:\/\/foment.teamdesarrollo.com\/ca\/formacio\/gestio-i-processament-de-dades-amb-microsoft-excel-365-apps-nivell-intermedi-mo-210\/","title":{"rendered":"Gesti\u00f3 i processament de dades amb Microsoft Excel 365 Apps &#8211; Nivell intermedi \u2013 MO-210"},"featured_media":0,"template":"","meta":{"_doceos_id":"17103","_start_date":"2026-02-19T23:00:00.000000Z","_end_date":"2026-04-17T22:00:00.000000Z","_available_seats":"2","_seats":"23","_lang_code":"ca","_tt_days_mask":"0000100","_tt_pm_start":"18:00:00","_tt_pm_end":"21:00:00","_timetable_desc":"Friday from 18:00 to 21:00, Saturday from 10:00 to 13:00","_horario_tipo":"Horario fin de semana","_presence_hours":"45","_teletraining_hours":"0","_distance_hours":"0","_syllabus":"M\u00f2dul 1 \u00b7 Gesti\u00f3 de llibres de treball\n  - Importaci\u00f3 de dades als llibres de treball\n  - Navegaci\u00f3 dins de llibres de treball\n  - Formataci\u00f3 de fulls de c\u00e0lcul i llibres de treball\n  - Personalitzaci\u00f3 d'opcions i vistes\n  - Preparaci\u00f3 de llibres de treball per a col\u00b7laboraci\u00f3 i distribuci\u00f3\n\nM\u00f2dul 2 \u00b7 Gesti\u00f3 de fulls de c\u00e0lcul\n  - Manipulaci\u00f3 de dades en fulls de c\u00e0lcul\n  - Aplicaci\u00f3 de formats a cel\u00b7les i rangs\n  - Definici\u00f3 i referenciaci\u00f3 de rangs amb noms\n  - Resum dades visualment\n  - Creaci\u00f3 i formataci\u00f3 de taules\n  - Modificaci\u00f3 de taules\n  - Execuci\u00f3 de filtrat i ordenaci\u00f3 de dades de taula\n\nM\u00f2dul 3 \u00b7 \u00das de dades\n  - Inserci\u00f3 de refer\u00e8ncies\n  - Aplicaci\u00f3 de c\u00e0lculs i transformaci\u00f3 de dades\n  - Formataci\u00f3 i modificaci\u00f3 de text\n  - Creaci\u00f3 de gr\u00e0fics\n  - Modificaci\u00f3 de gr\u00e0fics\n  - Aplicaci\u00f3 de format al gr\u00e0fic","_contingut":"<span style=\"color:#c1002b\">Contingut del curs<\/span>\n\n<span style=\"color:#c1002b\">M\u00f2dul 1 \u00b7 Gesti\u00f3 de llibres de treball<\/span>\n<strong>Importaci\u00f3 de dades als llibres de treball<\/strong>\n<ul>\n<li>Importaci\u00f3 des de fitxer.<\/li>\n<li>Importaci\u00f3 des de fonts en l\u00ednia.<\/li>\n<\/ul>\n<strong>Navegaci\u00f3 dins de llibres de treball<\/strong>\n<ul>\n<li>Localitzaci\u00f3 de dades dins un llibre de treball.<\/li>\n<li>Navegaci\u00f3 a cel\u00b7les, rangs o elements de llibre de treball amb noms.<\/li>\n<li>Inserci\u00f3 i eliminaci\u00f3 d'hipervincles.<\/li>\n<\/ul>\n<strong>Formataci\u00f3 de fulls de c\u00e0lcul i llibres de treball<\/strong>\n<ul>\n<li>Modificaci\u00f3 de la configuraci\u00f3 de p\u00e0gina.<\/li>\n<li>Execuci\u00f3 de l'ajustament d'al\u00e7ada de fila i l'amplada de columna.<\/li>\n<li>Personalitzaci\u00f3 de cap\u00e7aleres i peus de p\u00e0gina.<\/li>\n<\/ul>\n<strong>Personalitzaci\u00f3 d'opcions i vistes<\/strong>\n<ul>\n<li>Gesti\u00f3 de la barra d'eines d'acc\u00e9s r\u00e0pid.<\/li>\n<li>Observaci\u00f3 i modificaci\u00f3 de fulls de c\u00e0lcul en diferents vistes.<\/li>\n<li>Immobilitzaci\u00f3 de files i columnes de full de c\u00e0lcul.<\/li>\n<li>Aplicaci\u00f3 de canvis de vistes de finestra.<\/li>\n<li>Modificaci\u00f3 de propietats integrades del llibre de treball.<\/li>\n<li>Observaci\u00f3 de f\u00f3rmules.<\/li>\n<\/ul>\n<strong>Preparaci\u00f3 de llibres de treball per a col\u00b7laboraci\u00f3 i distribuci\u00f3<\/strong>\n<ul>\n<li>Aplicaci\u00f3 d'una \u00e0rea d'impressi\u00f3.<\/li>\n<li>Exportaci\u00f3 de llibres de treball en formats de fitxer alternatius.<\/li>\n<li>Configuraci\u00f3 d'impressi\u00f3.<\/li>\n<li>Inspecci\u00f3 de llibres de feina i correcci\u00f3 de problemes.<\/li>\n<li>Gesti\u00f3 de comentaris i notes.<\/li>\n<\/ul>\n\n<span style=\"color:#c1002b\">M\u00f2dul 2 \u00b7 Gesti\u00f3 de fulls de c\u00e0lcul<\/span>\n<strong>Manipulaci\u00f3 de dades en fulls de c\u00e0lcul<\/strong>\n<ul>\n<li>Execuci\u00f3 d'opcions d'enganxament especial de dades<\/li>\n<li>Aplicaci\u00f3 de la funci\u00f3 d'omplir autom\u00e0tic, per omplir cel\u00b7les.<\/li>\n<li>Inserci\u00f3 i supressi\u00f3 de m\u00faltiples columnes o files.<\/li>\n<li>Inserci\u00f3 i supressi\u00f3 de cel\u00b7les.<\/li>\n<li>Generaci\u00f3 de dades num\u00e8riques utilitzant RANDBETWEEN() i SEQUENCE().<\/li>\n<\/ul>\n<strong>Aplicaci\u00f3 de formats a cel\u00b7les i rangs<\/strong>\n<ul>\n<li>Combinaci\u00f3 i divisi\u00f3 de cel\u00b7les.<\/li>\n<li>Modificaci\u00f3, alineaci\u00f3, orientaci\u00f3 i sagnat de cel\u00b7les.<\/li>\n<li>Aplicar formar de cel\u00b7les utilitzant \"copiar format\".<\/li>\n<li>Ajustament de text dins de cel\u00b7les.<\/li>\n<li>Confecci\u00f3 de formats num\u00e8rics.<\/li>\n<li>Aplicaci\u00f3 de formats de cel\u00b7les des del quadre de di\u00e0leg \"format de cel\u00b7les\".<\/li>\n<li>Aplicaci\u00f3 d'estils de cel\u00b7les.<\/li>\n<li>Demostraci\u00f3 del esborrament del format de cel\u00b7la.<\/li>\n<li>Aplicaci\u00f3 de format a m\u00faltiples fulls de c\u00e0lcul agrupant-los.<\/li>\n<\/ul>\n<strong>Definici\u00f3 i referenciaci\u00f3 de rangs amb noms<\/strong>\n<ul>\n<li>Definici\u00f3 d'un rang amb nom.<\/li>\n<li>Referencici\u00f3 d'un rang amb nom.<\/li>\n<\/ul>\n<strong>Resum dades visualment<\/strong>\n<ul>\n<li>Inserci\u00f3 de minigr\u00e0fics.<\/li>\n<li>Aplicaci\u00f3 de format condicional integrat.<\/li>\n<li>Supressi\u00f3 de format condicional.<\/li>\n<\/ul>\n<strong>Creaci\u00f3 i formataci\u00f3 de taules<\/strong>\n<ul>\n<li>Creaci\u00f3 de taules d'Excel a partir de rangs de cel\u00b7les<\/li>\n<li>Aplicaci\u00f3 estils de taula.<\/li>\n<li>Conversi\u00f3 taules en rangs de cel\u00b7les<\/li>\n<\/ul>\n<strong>Modificaci\u00f3 de taules<\/strong>\n<ul>\n<li>Creaci\u00f3 i supressi\u00f3 de files i columnes de taula.<\/li>\n<li>Configuraci\u00f3 d'opcions d'estil de taula.<\/li>\n<li>Inserci\u00f3 configuraci\u00f3 de files totals.<\/li>\n<\/ul>\n<strong>Execuci\u00f3 de filtrat i ordenaci\u00f3 de dades de taula<\/strong>\n<ul>\n<li>Aplicaci\u00f3 de filtrat de registres.<\/li>\n<li>Ordenaci\u00f3 de dades per m\u00faltiples columnes.<\/li>\n<\/ul>\n\n<span style=\"color:#c1002b\">M\u00f2dul 3 \u00b7 \u00das de dades<\/span>\n<strong>Inserci\u00f3 de refer\u00e8ncies<\/strong>\n<ul>\n<li>Inserci\u00f3 de refer\u00e8ncies relatives, absolutes i mixtes.<\/li>\n<li>Aplicaci\u00f3 de refer\u00e8ncies estructurades en f\u00f3rmules.<\/li>\n<\/ul>\n<strong>Aplicaci\u00f3 de c\u00e0lculs i transformaci\u00f3 de dades<\/strong>\n<ul>\n<li>Realitzar c\u00e0lculs utilitzant les funcions AVERAGE(), MAX(), MIN() i SUM().<\/li>\n<li>Execuci\u00f3 de recompte cel\u00b7les utilitzant les funcions COUNT(), COUNTA() i COUNTBLANK().<\/li>\n<li>Realitzaci\u00f3 d'operacions condicionals utilitzant la funci\u00f3 IF().<\/li>\n<li>Ordenaci\u00f3 de dades utilitzant la funci\u00f3 SORT().<\/li>\n<li>Obtenci\u00f3 de valors \u00fanics utilitzant la funci\u00f3 UNIQUE().<\/li>\n<\/ul>\n<strong>Formataci\u00f3 i modificaci\u00f3 de text<\/strong>\n<ul>\n<li>Aplicar format de text utilitzant les funcions RIGHT(), LEFT() i MID().<\/li>\n<li>Aplicar format de text utilitzant les funcions UPPER(), LOWER() i LEN().<\/li>\n<li>Aplicar format de text utilitzant les funcions CONCAT() i TEXTJOIN().<\/li>\n<\/ul>\n<strong>Creaci\u00f3 de gr\u00e0fics<\/strong>\n<ul>\n<li>Creaci\u00f3 de gr\u00e0fics.<\/li>\n<li>Creaci\u00f3 de fulls de gr\u00e0fics.<\/li>\n<\/ul>\n<strong>Modificaci\u00f3 de gr\u00e0fics<\/strong>\n<ul>\n<li>Incorporaci\u00f3 de s\u00e8ries de dades als gr\u00e0fics.<\/li>\n<li>Modificaci\u00f3 entre files i columnes a les dades d'origen.<\/li>\n<li>Incorporaci\u00f3 i modificaci\u00f3 d'elements de gr\u00e0fic.<\/li>\n<\/ul>\n<strong>Aplicaci\u00f3 de format al gr\u00e0fic<\/strong>\n<ul>\n<li>Aplicaci\u00f3 de dissenys de gr\u00e0fics.<\/li>\n<li>Aplicaci\u00f3 d'estils de gr\u00e0fics.<\/li>\n<li>Incorporaci\u00f3 de text alternatiu als gr\u00e0fics per a accessibilitat.<\/li>\n<\/ul>","_objectius":"<span style=\"color:#c1002b\"><strong>Objectiu general<\/strong><\/span>\nUtilitzar Microsoft Excel 365 per gestionar dades i crear fulls de c\u00e0lcul avan\u00e7ats, potenciant el treball en el n\u00favol i la col\u00b7laboraci\u00f3 en entorns professionals.\n\n<span style=\"color:#c1002b\">Objectius espec\u00edfics<\/span>\n<ul>\n<li>Importar, gestionar i formatar dades utilitzant les funcionalitats d'Excel 365.<\/li>\n\n<li>Aplicar t\u00e8cniques avan\u00e7ades de manipulaci\u00f3 de fulls de c\u00e0lcul per millorar-ne la visualitzaci\u00f3 i interpretaci\u00f3.<\/li>\n\n<li>Utilitzar funcions i f\u00f3rmules avan\u00e7ades per realitzar c\u00e0lculs i transformar dades.<\/li>\n\n<li>Crear, modificar i personalitzar gr\u00e0fics per a la representaci\u00f3 visual de dades.<\/li>\n\n<li>Preparar llibres de treball per a la col\u00b7laboraci\u00f3 i distribuci\u00f3 en el n\u00favol.<\/li>\n<\/ul>\n","_requisits":"<span style=\"color:#c1002b\">Requisits dels alumnes<\/span>\n<ul>\n<li><strong>Estudis (Acreditacions\/Titulacions)<\/strong>\n  <ul>\n    <li>No s'exigeix cap requisit per accedir a la formaci\u00f3, tot i que cal tenir les habilitats de comunicaci\u00f3 ling\u00fc\u00edstica suficients per seguir la formaci\u00f3.<\/li>\n  <\/ul>\n<\/li>\n\n<li><strong>Experi\u00e8ncia professional<\/strong>\n  <ul>\n    <li>No es requereix experi\u00e8ncia professional pr\u00e8via.<\/li>\n  <\/ul>\n<\/li>\n\n<li><strong>Altres requisits<\/strong>\n  <ul>\n    <li>\u00c9s necessari tenir destreses b\u00e0siques en l\u2019\u00fas de plataformes virtuals si s\u2019opta per la modalitat de teleformaci\u00f3.<\/li>\n  <\/ul>\n<\/li>\n<\/ul>\nEl curs est\u00e0 dirigit a tots els alumnes interessats en el tema personal o professionalment.\n<ul>\n \t<li>Persones que cotitzen per R\u00e8gim General o Aut\u00f2nom.<\/li>\n \t<li>Persones en situaci\u00f3 d'atur: Aquest col\u00b7lectiu t\u00e9 l'acc\u00e9s limitat a aquest Pla de Formaci\u00f3, per la qual cosa no tindran garantida la seva pla\u00e7a fins que portin la documentaci\u00f3 presencialment al Centre de Formaci\u00f3 i es comprovi que no s'excedeix la limitaci\u00f3 estipulada per al Reial decret 694\/2017, de 3 de juliol, pel qual es desplega la Llei 30\/2015, de 9 de setembre, per la qual es regula el sistema de formaci\u00f3 professional per a l\u2019ocupaci\u00f3 en l\u2019\u00e0mbit laboral.<\/li>\n<\/ul>","_materials":null,"_resp_name":"Pilar Sanchez Serrano","_resp_email":null,"_certificado":"0","_adaptado":"1","_modality_id":"1","_training_area_id":"1","_custom_code":null,"_group":"3","_closed":"0","_full":"0","_num_sessions":null,"_visible_on_web":"1","_wpml_trid":"1073","_wpml_lang":"ca"},"class_list":["post-1155","curso_foment","type-curso_foment","status-publish","hentry"],"yoast_head":"<!-- This site is optimized with the Yoast SEO plugin v27.2 - https:\/\/yoast.com\/product\/yoast-seo-wordpress\/ -->\n<title>Gesti\u00f3 i processament de dades amb Microsoft Excel 365 Apps - Nivell intermedi \u2013 MO-210 -<\/title>\n<meta name=\"robots\" content=\"noindex, follow, max-snippet:-1, max-image-preview:large, max-video-preview:-1\" \/>\n<meta property=\"og:locale\" content=\"ca_ES\" \/>\n<meta property=\"og:type\" content=\"article\" \/>\n<meta property=\"og:title\" content=\"Gesti\u00f3 i processament de dades amb Microsoft Excel 365 Apps - Nivell intermedi \u2013 MO-210 -\" \/>\n<meta property=\"og:url\" content=\"https:\/\/foment.teamdesarrollo.com\/ca\/formacio\/gestio-i-processament-de-dades-amb-microsoft-excel-365-apps-nivell-intermedi-mo-210\/\" \/>\n<meta property=\"article:modified_time\" content=\"2026-04-17T11:35:54+00:00\" \/>\n<meta name=\"twitter:card\" content=\"summary_large_image\" \/>\n<script type=\"application\/ld+json\" class=\"yoast-schema-graph\">{\"@context\":\"https:\/\/schema.org\",\"@graph\":[{\"@type\":\"WebPage\",\"@id\":\"https:\/\/foment.teamdesarrollo.com\/ca\/formacio\/gestio-i-processament-de-dades-amb-microsoft-excel-365-apps-nivell-intermedi-mo-210\/\",\"url\":\"https:\/\/foment.teamdesarrollo.com\/ca\/formacio\/gestio-i-processament-de-dades-amb-microsoft-excel-365-apps-nivell-intermedi-mo-210\/\",\"name\":\"Gesti\u00f3 i processament de dades amb Microsoft Excel 365 Apps - Nivell intermedi \u2013 MO-210 -\",\"isPartOf\":{\"@id\":\"https:\/\/foment.teamdesarrollo.com\/ca\/#website\"},\"datePublished\":\"2026-04-17T07:54:56+00:00\",\"dateModified\":\"2026-04-17T11:35:54+00:00\",\"breadcrumb\":{\"@id\":\"https:\/\/foment.teamdesarrollo.com\/ca\/formacio\/gestio-i-processament-de-dades-amb-microsoft-excel-365-apps-nivell-intermedi-mo-210\/#breadcrumb\"},\"inLanguage\":\"ca\",\"potentialAction\":[{\"@type\":\"ReadAction\",\"target\":[\"https:\/\/foment.teamdesarrollo.com\/ca\/formacio\/gestio-i-processament-de-dades-amb-microsoft-excel-365-apps-nivell-intermedi-mo-210\/\"]}]},{\"@type\":\"BreadcrumbList\",\"@id\":\"https:\/\/foment.teamdesarrollo.com\/ca\/formacio\/gestio-i-processament-de-dades-amb-microsoft-excel-365-apps-nivell-intermedi-mo-210\/#breadcrumb\",\"itemListElement\":[{\"@type\":\"ListItem\",\"position\":1,\"name\":\"Portada\",\"item\":\"https:\/\/foment.teamdesarrollo.com\/ca\/\"},{\"@type\":\"ListItem\",\"position\":2,\"name\":\"Cursos\",\"item\":\"https:\/\/foment.teamdesarrollo.com\/ca\/formacio\/\"},{\"@type\":\"ListItem\",\"position\":3,\"name\":\"Gesti\u00f3 i processament de dades amb Microsoft Excel 365 Apps &#8211; Nivell intermedi \u2013 MO-210\"}]},{\"@type\":\"WebSite\",\"@id\":\"https:\/\/foment.teamdesarrollo.com\/ca\/#website\",\"url\":\"https:\/\/foment.teamdesarrollo.com\/ca\/\",\"name\":\"\",\"description\":\"\",\"potentialAction\":[{\"@type\":\"SearchAction\",\"target\":{\"@type\":\"EntryPoint\",\"urlTemplate\":\"https:\/\/foment.teamdesarrollo.com\/ca\/?s={search_term_string}\"},\"query-input\":{\"@type\":\"PropertyValueSpecification\",\"valueRequired\":true,\"valueName\":\"search_term_string\"}}],\"inLanguage\":\"ca\"}]}<\/script>\n<!-- \/ Yoast SEO plugin. -->","yoast_head_json":{"title":"Gesti\u00f3 i processament de dades amb Microsoft Excel 365 Apps - Nivell intermedi \u2013 MO-210 -","robots":{"index":"noindex","follow":"follow","max-snippet":"max-snippet:-1","max-image-preview":"max-image-preview:large","max-video-preview":"max-video-preview:-1"},"og_locale":"ca_ES","og_type":"article","og_title":"Gesti\u00f3 i processament de dades amb Microsoft Excel 365 Apps - Nivell intermedi \u2013 MO-210 -","og_url":"https:\/\/foment.teamdesarrollo.com\/ca\/formacio\/gestio-i-processament-de-dades-amb-microsoft-excel-365-apps-nivell-intermedi-mo-210\/","article_modified_time":"2026-04-17T11:35:54+00:00","twitter_card":"summary_large_image","schema":{"@context":"https:\/\/schema.org","@graph":[{"@type":"WebPage","@id":"https:\/\/foment.teamdesarrollo.com\/ca\/formacio\/gestio-i-processament-de-dades-amb-microsoft-excel-365-apps-nivell-intermedi-mo-210\/","url":"https:\/\/foment.teamdesarrollo.com\/ca\/formacio\/gestio-i-processament-de-dades-amb-microsoft-excel-365-apps-nivell-intermedi-mo-210\/","name":"Gesti\u00f3 i processament de dades amb Microsoft Excel 365 Apps - Nivell intermedi \u2013 MO-210 -","isPartOf":{"@id":"https:\/\/foment.teamdesarrollo.com\/ca\/#website"},"datePublished":"2026-04-17T07:54:56+00:00","dateModified":"2026-04-17T11:35:54+00:00","breadcrumb":{"@id":"https:\/\/foment.teamdesarrollo.com\/ca\/formacio\/gestio-i-processament-de-dades-amb-microsoft-excel-365-apps-nivell-intermedi-mo-210\/#breadcrumb"},"inLanguage":"ca","potentialAction":[{"@type":"ReadAction","target":["https:\/\/foment.teamdesarrollo.com\/ca\/formacio\/gestio-i-processament-de-dades-amb-microsoft-excel-365-apps-nivell-intermedi-mo-210\/"]}]},{"@type":"BreadcrumbList","@id":"https:\/\/foment.teamdesarrollo.com\/ca\/formacio\/gestio-i-processament-de-dades-amb-microsoft-excel-365-apps-nivell-intermedi-mo-210\/#breadcrumb","itemListElement":[{"@type":"ListItem","position":1,"name":"Portada","item":"https:\/\/foment.teamdesarrollo.com\/ca\/"},{"@type":"ListItem","position":2,"name":"Cursos","item":"https:\/\/foment.teamdesarrollo.com\/ca\/formacio\/"},{"@type":"ListItem","position":3,"name":"Gesti\u00f3 i processament de dades amb Microsoft Excel 365 Apps &#8211; Nivell intermedi \u2013 MO-210"}]},{"@type":"WebSite","@id":"https:\/\/foment.teamdesarrollo.com\/ca\/#website","url":"https:\/\/foment.teamdesarrollo.com\/ca\/","name":"","description":"","potentialAction":[{"@type":"SearchAction","target":{"@type":"EntryPoint","urlTemplate":"https:\/\/foment.teamdesarrollo.com\/ca\/?s={search_term_string}"},"query-input":{"@type":"PropertyValueSpecification","valueRequired":true,"valueName":"search_term_string"}}],"inLanguage":"ca"}]}},"_links":{"self":[{"href":"https:\/\/foment.teamdesarrollo.com\/ca\/wp-json\/wp\/v2\/curso_foment\/1155","targetHints":{"allow":["GET"]}}],"collection":[{"href":"https:\/\/foment.teamdesarrollo.com\/ca\/wp-json\/wp\/v2\/curso_foment"}],"about":[{"href":"https:\/\/foment.teamdesarrollo.com\/ca\/wp-json\/wp\/v2\/types\/curso_foment"}],"wp:attachment":[{"href":"https:\/\/foment.teamdesarrollo.com\/ca\/wp-json\/wp\/v2\/media?parent=1155"}],"curies":[{"name":"wp","href":"https:\/\/api.w.org\/{rel}","templated":true}]}}