{"id":1089,"date":"2026-04-17T07:54:42","date_gmt":"2026-04-17T07:54:42","guid":{"rendered":"https:\/\/reverent-almeida.91-213-46-106.plesk.page\/curso\/programacio-neurolinguistica\/"},"modified":"2026-04-29T07:58:49","modified_gmt":"2026-04-29T07:58:49","slug":"programacio-neurolinguistica","status":"publish","type":"curso_foment","link":"https:\/\/foment.teamdesarrollo.com\/ca\/formacio\/programacio-neurolinguistica\/","title":{"rendered":"Programaci\u00f3 neuroling\u00fc\u00edstica"},"featured_media":0,"template":"","meta":{"_doceos_id":"17058","_start_date":"2026-09-14T22:00:00.000000Z","_end_date":"2026-10-12T22:00:00.000000Z","_available_seats":"17","_seats":"20","_lang_code":"ca","_tt_days_mask":"0100100","_tt_pm_start":"00:00:00","_tt_pm_end":"00:00:00","_timetable_desc":"Tuesday and Friday from 09:45 to 13:30","_horario_tipo":"Ma\u00f1ana","_presence_hours":"30","_teletraining_hours":"0","_distance_hours":"0","_syllabus":"M\u00f2dul 1 \u00b7 Pressuposicions b\u00e0siques de la PNL i la comunicaci\u00f3\n  - Descripci\u00f3 dels principis b\u00e0sics\n  - Habilitats de gesti\u00f3, personals i socials\n\nM\u00f2dul 2 \u00b7 Habilitats comunicatives\n  - Diferenciaci\u00f3 de t\u00e8cniques de millora de les habilitats comunicatives\n  - Habilitats de gesti\u00f3, personals i socials","_contingut":"<span style=\"color:#c1002b\">M\u00f2dul 1 \u00b7 Pressuposicions b\u00e0siques de la PNL i la comunicaci\u00f3<\/span>\n<strong>Descripci\u00f3 dels principis b\u00e0sics<\/strong>\n<ul>\n<li>Hist\u00f2ria i els usos actuals de la PNL (programaci\u00f3 neuroling\u00fc\u00edstica)<\/li>\n<li>Pressuposicions de la PNL (programaci\u00f3 neuroling\u00fc\u00edstica)<\/li>\n<li>Utilitzaci\u00f3 dels sistemes representacionals de les submodalitats<\/li>\n<li>Interpretaci\u00f3 vs descripci\u00f3<\/li>\n<li>Nivells neurol\u00f2gics de Gregory Bateson i la seva ampliaci\u00f3 per Robert Dilts<\/li>\n<li>Modificaci\u00f3 de creences<\/li>\n<li>Jerarquia de valors<\/li>\n<\/ul>\n\n<strong>Habilitats de gesti\u00f3, personals i socials<\/strong>\n<ul>\n<li>Assimilaci\u00f3 dels principis i pressuposicions b\u00e0siques de la PNL (programaci\u00f3 neuroling\u00fc\u00edstica)<\/li>\n<li>Autoreflexi\u00f3 per dur a terme canvis interns des d'una perspectiva ecol\u00f2gica<\/li>\n<\/ul>\n\n<span style=\"color:#c1002b\">M\u00f2dul 2 \u00b7 Habilitats comunicatives<\/span>\n<strong>Diferenciaci\u00f3 de t\u00e8cniques de millora de les habilitats comunicatives<\/strong>\n<ul>\n<li>Patr\u00f3 d'acc\u00e9s ocular<\/li>\n<li>Calibratge<\/li>\n<li>Execuci\u00f3 del Rapport<\/li>\n<li>Experimentaci\u00f3 de la triple posici\u00f3 perceptiva<\/li>\n<li>Aplicaci\u00f3 de l\u2019escolta activa<\/li>\n<li>Reconeixement de la import\u00e0ncia de la comunicaci\u00f3 no verbal<\/li>\n<li>Comprensi\u00f3 de la congru\u00e8ncia amb els rols comunicatius de Virginia Satir<\/li>\n<li>Execuci\u00f3 d'ancoratges<\/li>\n<\/ul>\n\n<strong>Habilitats de gesti\u00f3, personals i socials<\/strong>\n<ul>\n<li>Implicaci\u00f3 en la millora de les habilitats de comunicaci\u00f3 tenint consci\u00e8ncia dels processos que es produeixen a les relacions interpersonals<\/li>\n<\/ul>","_objectius":"<span style=\"color:#c1002b\"><strong>Objectiu general<\/strong><\/span>\nGestionar comportaments i situacions quotidianes a l'\u00e0mbit de la programaci\u00f3 neuroling\u00fc\u00edstica (PNL)\n\n<span style=\"color:#c1002b\">Objectius espec\u00edfics<\/span>\n<ul> \n<li>Interpretar les pressuposicions proposades per la PNL (Programaci\u00f3 Neuroling\u00fc\u00edstica)<\/li>\n\n<li>Assimilar els principis i pressuposicions b\u00e0siques de la PNL<\/li>\n\n<li>Descriure les habilitats comunicatives presents i desenvolupar-ne de noves<\/li>\n\n<li>Implicar-se en la millora de les habilitats de comunicaci\u00f3 amb consci\u00e8ncia dels processos a les relacions interpersonals<\/li>\n<\/ul>","_requisits":"<span style=\"color:#c1002b\">Requisits dels alumnes<\/span>\n<ul>\n<li><strong>Estudis (Acreditacions\/Titulacions)<\/strong>\n  <ul>\n    <li>No s'exigeix cap requisit per accedir a la formaci\u00f3, encara que s'han de posseir les habilitats de comunicaci\u00f3 ling\u00fc\u00edstica suficients que permetin cursar amb aprofitament la formaci\u00f3<\/li>\n  <\/ul>\n<\/li>\n\n<li><strong>Experi\u00e8ncia professional<\/strong>\n  <ul>\n    <li>No es requereix<\/li>\n  <\/ul>\n<\/li>\n\n<li><strong>Altres requisits<\/strong>\n  <ul>\n    <li>En el cas de teleformaci\u00f3, l'alumnat ha de tenir les destreses suficients per a ser usuaris de la plataforma virtual en la qual es recolza l'acci\u00f3 formativa<\/li>\n  <\/ul>\n<\/li>\n<\/ul>\nEl curs est\u00e0 dirigit a tots els alumnes interessats en el tema personal o professionalment.\n<ul>\n \t<li>Persones que cotitzen per R\u00e8gim General o Aut\u00f2nom.<\/li>\n \t<li>Persones en situaci\u00f3 d'atur: Aquest col\u00b7lectiu t\u00e9 l'acc\u00e9s limitat a aquest Pla de Formaci\u00f3, per la qual cosa no tindran garantida la seva pla\u00e7a fins que portin la documentaci\u00f3 presencialment al Centre de Formaci\u00f3 i es comprovi que no s'excedeix la limitaci\u00f3 estipulada per al Reial decret 694\/2017, de 3 de juliol, pel qual es desplega la Llei 30\/2015, de 9 de setembre, per la qual es regula el sistema de formaci\u00f3 professional per a l\u2019ocupaci\u00f3 en l\u2019\u00e0mbit laboral.<\/li>\n<\/ul>","_materials":null,"_resp_name":"Patricia Flores Flores","_resp_email":null,"_certificado":"0","_adaptado":"0","_modality_id":"1","_training_area_id":"3","_custom_code":null,"_group":"1","_closed":"0","_full":"0","_num_sessions":null,"_visible_on_web":"1","_wpml_trid":"1040","_wpml_lang":"ca"},"class_list":["post-1089","curso_foment","type-curso_foment","status-publish","hentry"],"yoast_head":"<!-- This site is optimized with the Yoast SEO plugin v27.2 - https:\/\/yoast.com\/product\/yoast-seo-wordpress\/ -->\n<title>Programaci\u00f3 neuroling\u00fc\u00edstica -<\/title>\n<meta name=\"robots\" content=\"noindex, follow, max-snippet:-1, max-image-preview:large, max-video-preview:-1\" \/>\n<meta property=\"og:locale\" content=\"ca_ES\" \/>\n<meta property=\"og:type\" content=\"article\" \/>\n<meta property=\"og:title\" content=\"Programaci\u00f3 neuroling\u00fc\u00edstica -\" \/>\n<meta property=\"og:url\" content=\"https:\/\/foment.teamdesarrollo.com\/ca\/formacio\/programacio-neurolinguistica\/\" \/>\n<meta property=\"article:modified_time\" content=\"2026-04-29T07:58:49+00:00\" \/>\n<meta name=\"twitter:card\" content=\"summary_large_image\" \/>\n<script type=\"application\/ld+json\" class=\"yoast-schema-graph\">{\"@context\":\"https:\/\/schema.org\",\"@graph\":[{\"@type\":\"WebPage\",\"@id\":\"https:\/\/foment.teamdesarrollo.com\/ca\/formacio\/programacio-neurolinguistica\/\",\"url\":\"https:\/\/foment.teamdesarrollo.com\/ca\/formacio\/programacio-neurolinguistica\/\",\"name\":\"Programaci\u00f3 neuroling\u00fc\u00edstica -\",\"isPartOf\":{\"@id\":\"https:\/\/foment.teamdesarrollo.com\/ca\/#website\"},\"datePublished\":\"2026-04-17T07:54:42+00:00\",\"dateModified\":\"2026-04-29T07:58:49+00:00\",\"breadcrumb\":{\"@id\":\"https:\/\/foment.teamdesarrollo.com\/ca\/formacio\/programacio-neurolinguistica\/#breadcrumb\"},\"inLanguage\":\"ca\",\"potentialAction\":[{\"@type\":\"ReadAction\",\"target\":[\"https:\/\/foment.teamdesarrollo.com\/ca\/formacio\/programacio-neurolinguistica\/\"]}]},{\"@type\":\"BreadcrumbList\",\"@id\":\"https:\/\/foment.teamdesarrollo.com\/ca\/formacio\/programacio-neurolinguistica\/#breadcrumb\",\"itemListElement\":[{\"@type\":\"ListItem\",\"position\":1,\"name\":\"Portada\",\"item\":\"https:\/\/foment.teamdesarrollo.com\/ca\/\"},{\"@type\":\"ListItem\",\"position\":2,\"name\":\"Cursos\",\"item\":\"https:\/\/foment.teamdesarrollo.com\/ca\/formacio\/\"},{\"@type\":\"ListItem\",\"position\":3,\"name\":\"Programaci\u00f3 neuroling\u00fc\u00edstica\"}]},{\"@type\":\"WebSite\",\"@id\":\"https:\/\/foment.teamdesarrollo.com\/ca\/#website\",\"url\":\"https:\/\/foment.teamdesarrollo.com\/ca\/\",\"name\":\"\",\"description\":\"\",\"potentialAction\":[{\"@type\":\"SearchAction\",\"target\":{\"@type\":\"EntryPoint\",\"urlTemplate\":\"https:\/\/foment.teamdesarrollo.com\/ca\/?s={search_term_string}\"},\"query-input\":{\"@type\":\"PropertyValueSpecification\",\"valueRequired\":true,\"valueName\":\"search_term_string\"}}],\"inLanguage\":\"ca\"}]}<\/script>\n<!-- \/ Yoast SEO plugin. -->","yoast_head_json":{"title":"Programaci\u00f3 neuroling\u00fc\u00edstica -","robots":{"index":"noindex","follow":"follow","max-snippet":"max-snippet:-1","max-image-preview":"max-image-preview:large","max-video-preview":"max-video-preview:-1"},"og_locale":"ca_ES","og_type":"article","og_title":"Programaci\u00f3 neuroling\u00fc\u00edstica -","og_url":"https:\/\/foment.teamdesarrollo.com\/ca\/formacio\/programacio-neurolinguistica\/","article_modified_time":"2026-04-29T07:58:49+00:00","twitter_card":"summary_large_image","schema":{"@context":"https:\/\/schema.org","@graph":[{"@type":"WebPage","@id":"https:\/\/foment.teamdesarrollo.com\/ca\/formacio\/programacio-neurolinguistica\/","url":"https:\/\/foment.teamdesarrollo.com\/ca\/formacio\/programacio-neurolinguistica\/","name":"Programaci\u00f3 neuroling\u00fc\u00edstica -","isPartOf":{"@id":"https:\/\/foment.teamdesarrollo.com\/ca\/#website"},"datePublished":"2026-04-17T07:54:42+00:00","dateModified":"2026-04-29T07:58:49+00:00","breadcrumb":{"@id":"https:\/\/foment.teamdesarrollo.com\/ca\/formacio\/programacio-neurolinguistica\/#breadcrumb"},"inLanguage":"ca","potentialAction":[{"@type":"ReadAction","target":["https:\/\/foment.teamdesarrollo.com\/ca\/formacio\/programacio-neurolinguistica\/"]}]},{"@type":"BreadcrumbList","@id":"https:\/\/foment.teamdesarrollo.com\/ca\/formacio\/programacio-neurolinguistica\/#breadcrumb","itemListElement":[{"@type":"ListItem","position":1,"name":"Portada","item":"https:\/\/foment.teamdesarrollo.com\/ca\/"},{"@type":"ListItem","position":2,"name":"Cursos","item":"https:\/\/foment.teamdesarrollo.com\/ca\/formacio\/"},{"@type":"ListItem","position":3,"name":"Programaci\u00f3 neuroling\u00fc\u00edstica"}]},{"@type":"WebSite","@id":"https:\/\/foment.teamdesarrollo.com\/ca\/#website","url":"https:\/\/foment.teamdesarrollo.com\/ca\/","name":"","description":"","potentialAction":[{"@type":"SearchAction","target":{"@type":"EntryPoint","urlTemplate":"https:\/\/foment.teamdesarrollo.com\/ca\/?s={search_term_string}"},"query-input":{"@type":"PropertyValueSpecification","valueRequired":true,"valueName":"search_term_string"}}],"inLanguage":"ca"}]}},"_links":{"self":[{"href":"https:\/\/foment.teamdesarrollo.com\/ca\/wp-json\/wp\/v2\/curso_foment\/1089","targetHints":{"allow":["GET"]}}],"collection":[{"href":"https:\/\/foment.teamdesarrollo.com\/ca\/wp-json\/wp\/v2\/curso_foment"}],"about":[{"href":"https:\/\/foment.teamdesarrollo.com\/ca\/wp-json\/wp\/v2\/types\/curso_foment"}],"wp:attachment":[{"href":"https:\/\/foment.teamdesarrollo.com\/ca\/wp-json\/wp\/v2\/media?parent=1089"}],"curies":[{"name":"wp","href":"https:\/\/api.w.org\/{rel}","templated":true}]}}